{"id":99,"date":"2025-06-29T15:47:07","date_gmt":"2025-06-29T13:47:07","guid":{"rendered":"https:\/\/www.trekntales.eu\/?page_id=99"},"modified":"2026-03-26T17:21:37","modified_gmt":"2026-03-26T16:21:37","slug":"curiosita","status":"publish","type":"page","link":"https:\/\/www.trekntales.eu\/index.php\/curiosita\/","title":{"rendered":"Curiosit\u00e0"},"content":{"rendered":"\n<hr class=\"wp-block-separator has-alpha-channel-opacity\"\/>\n\n\n\n<p class=\"wp-block-paragraph\">Questa pagina nasce con l&#8217;intento di raccogliere alcune curiosit\u00e0 e stranezze dal mondo vegetale e animale.<br>Mai dare nulla per scontato, ci\u00f2 che non ti aspetti potrebbe essere dietro l&#8217;angolo.<br><\/p>\n\n\n\n<hr class=\"wp-block-separator has-alpha-channel-opacity\"\/>\n\n\n\n<div class=\"wp-block-group is-nowrap is-layout-flex wp-container-core-group-is-layout-6c531013 wp-block-group-is-layout-flex\">\n<div class=\"wp-block-media-text is-stacked-on-mobile\" style=\"grid-template-columns:23% auto\"><figure class=\"wp-block-media-text__media\"><img loading=\"lazy\" decoding=\"async\" width=\"771\" height=\"1024\" src=\"https:\/\/www.trekntales.eu\/wp-content\/uploads\/2025\/09\/IMG_edera-771x1024.jpg\" alt=\"\" class=\"wp-image-255 size-full\" srcset=\"https:\/\/www.trekntales.eu\/wp-content\/uploads\/2025\/09\/IMG_edera-771x1024.jpg 771w, https:\/\/www.trekntales.eu\/wp-content\/uploads\/2025\/09\/IMG_edera-226x300.jpg 226w, https:\/\/www.trekntales.eu\/wp-content\/uploads\/2025\/09\/IMG_edera-768x1020.jpg 768w, https:\/\/www.trekntales.eu\/wp-content\/uploads\/2025\/09\/IMG_edera-1157x1536.jpg 1157w, https:\/\/www.trekntales.eu\/wp-content\/uploads\/2025\/09\/IMG_edera-1543x2048.jpg 1543w, https:\/\/www.trekntales.eu\/wp-content\/uploads\/2025\/09\/IMG_edera-scaled.jpg 1928w\" sizes=\"auto, (max-width: 771px) 100vw, 771px\" \/><\/figure><div class=\"wp-block-media-text__content\">\n<p class=\"wp-block-paragraph\">L&#8217;edera ha foglie di forma diversa a seconda della fase vitale in cui si trova: in fase vegetativa le foglie hanno la classica forma che tutti conosciamo, mentre in fase adulta le foglie hanno forma ovale<\/p>\n<\/div><\/div>\n<\/div>\n\n\n\n<hr class=\"wp-block-separator has-alpha-channel-opacity\"\/>\n\n\n\n<div class=\"wp-block-group is-nowrap is-layout-flex wp-container-core-group-is-layout-6c531013 wp-block-group-is-layout-flex\">\n<div class=\"wp-block-media-text has-media-on-the-right is-stacked-on-mobile\" style=\"grid-template-columns:auto 31%\"><div class=\"wp-block-media-text__content\">\n<p class=\"wp-block-paragraph\">Ci sono mosche che appartengono alla famiglia dei Sirfidi, e sono &#8220;vestite&#8221; da vespe: la loro \u00e8 una forma di mimetismo a scopo difensivo. Tra i Sirfidi ci sono sia impollinatori che predatori di insetti fitofagi, potenzialmente dannosi per l&#8217;agricoltura.<br>[quella nella foto accanto \u00e8 un&#8217;ape]<\/p>\n<\/div><figure class=\"wp-block-media-text__media\"><img loading=\"lazy\" decoding=\"async\" width=\"1024\" height=\"1013\" src=\"https:\/\/www.trekntales.eu\/wp-content\/uploads\/2025\/08\/IMG_impollinazione-1024x1013.jpg\" alt=\"\" class=\"wp-image-219 size-full\" srcset=\"https:\/\/www.trekntales.eu\/wp-content\/uploads\/2025\/08\/IMG_impollinazione-1024x1013.jpg 1024w, https:\/\/www.trekntales.eu\/wp-content\/uploads\/2025\/08\/IMG_impollinazione-300x297.jpg 300w, https:\/\/www.trekntales.eu\/wp-content\/uploads\/2025\/08\/IMG_impollinazione-768x760.jpg 768w, https:\/\/www.trekntales.eu\/wp-content\/uploads\/2025\/08\/IMG_impollinazione-1536x1519.jpg 1536w, https:\/\/www.trekntales.eu\/wp-content\/uploads\/2025\/08\/IMG_impollinazione-2048x2025.jpg 2048w\" sizes=\"auto, (max-width: 1024px) 100vw, 1024px\" \/><\/figure><\/div>\n<\/div>\n\n\n\n<hr class=\"wp-block-separator has-alpha-channel-opacity\"\/>\n\n\n\n<div class=\"wp-block-group is-nowrap is-layout-flex wp-container-core-group-is-layout-6c531013 wp-block-group-is-layout-flex\">\n<div class=\"wp-block-media-text is-stacked-on-mobile\" style=\"grid-template-columns:35% auto\"><figure class=\"wp-block-media-text__media\"><img loading=\"lazy\" decoding=\"async\" width=\"1024\" height=\"768\" src=\"https:\/\/www.trekntales.eu\/wp-content\/uploads\/2025\/08\/IMG_piccola-cascata-1024x768.jpg\" alt=\"\" class=\"wp-image-223 size-full\" srcset=\"https:\/\/www.trekntales.eu\/wp-content\/uploads\/2025\/08\/IMG_piccola-cascata-1024x768.jpg 1024w, https:\/\/www.trekntales.eu\/wp-content\/uploads\/2025\/08\/IMG_piccola-cascata-300x225.jpg 300w, https:\/\/www.trekntales.eu\/wp-content\/uploads\/2025\/08\/IMG_piccola-cascata-768x576.jpg 768w, https:\/\/www.trekntales.eu\/wp-content\/uploads\/2025\/08\/IMG_piccola-cascata-1536x1152.jpg 1536w, https:\/\/www.trekntales.eu\/wp-content\/uploads\/2025\/08\/IMG_piccola-cascata-2048x1536.jpg 2048w\" sizes=\"auto, (max-width: 1024px) 100vw, 1024px\" \/><\/figure><div class=\"wp-block-media-text__content\">\n<p class=\"wp-block-paragraph\">Il ciclo dell&#8217;acqua ha una durata di circa 1000 anni e l&#8217;acqua presente sul Pianeta \u00e8 sempre la stessa: la quantit\u00e0 d&#8217;acqua presente sulla Terra milioni di anni fa \u00e8 la stessa presente oggi. Questo avviene perch\u00e8 il nostro Pianeta \u00e8 un &#8220;sistema chiuso&#8221; e non perde o guadagna acqua, ma la trasforma nei suoi 3 stati: gas, liquido e solido.<\/p>\n<\/div><\/div>\n<\/div>\n","protected":false},"excerpt":{"rendered":"<p>Questa pagina nasce con l&#8217;intento di raccogliere alcune curiosit\u00e0 e stranezze dal mondo vegetale e animale.Mai dare nulla per scontato, ci\u00f2 che non ti aspetti potrebbe essere dietro l&#8217;angolo. L&#8217;edera [&hellip;]<\/p>\n","protected":false},"author":1,"featured_media":293,"parent":0,"menu_order":0,"comment_status":"closed","ping_status":"closed","template":"","meta":{"_acf_changed":false,"_EventAllDay":false,"_EventTimezone":"","_EventStartDate":"","_EventEndDate":"","_EventStartDateUTC":"","_EventEndDateUTC":"","_EventShowMap":false,"_EventShowMapLink":false,"_EventURL":"","_EventCost":"","_EventCostDescription":"","_EventCurrencySymbol":"","_EventCurrencyCode":"","_EventCurrencyPosition":"","_EventDateTimeSeparator":"","_EventTimeRangeSeparator":"","_EventOrganizerID":[],"_EventVenueID":[],"_OrganizerEmail":"","_OrganizerPhone":"","_OrganizerWebsite":"","_VenueAddress":"","_VenueCity":"","_VenueCountry":"","_VenueProvince":"","_VenueState":"","_VenueZip":"","_VenuePhone":"","_VenueURL":"","_VenueStateProvince":"","_VenueLat":"","_VenueLng":"","_VenueShowMap":false,"_VenueShowMapLink":false,"footnotes":""},"class_list":["post-99","page","type-page","status-publish","has-post-thumbnail","hentry"],"acf":[],"yoast_head":"<!-- This site is optimized with the Yoast SEO plugin v28.0 - https:\/\/yoast.com\/product\/yoast-seo-wordpress\/ -->\n<title>Curiosit\u00e0 dal mondo vegetale e animale - Trek&#039;n&#039;Tales<\/title>\n<meta name=\"description\" content=\"Le cose che forse non sapevi sulla natura e che ti sorprenderanno. Essere curiosi aiuta a conoscere ci\u00f2 che ci circonda\" \/>\n<meta name=\"robots\" content=\"index, follow, max-snippet:-1, max-image-preview:large, max-video-preview:-1\" \/>\n<link rel=\"canonical\" href=\"https:\/\/www.trekntales.eu\/index.php\/curiosita\/\" \/>\n<meta property=\"og:locale\" content=\"it_IT\" \/>\n<meta property=\"og:type\" content=\"article\" \/>\n<meta property=\"og:title\" content=\"Curiosit\u00e0 dal mondo vegetale e animale - Trek&#039;n&#039;Tales\" \/>\n<meta property=\"og:description\" content=\"Le cose che forse non sapevi sulla natura e che ti sorprenderanno. Essere curiosi aiuta a conoscere ci\u00f2 che ci circonda\" \/>\n<meta property=\"og:url\" content=\"https:\/\/www.trekntales.eu\/index.php\/curiosita\/\" \/>\n<meta property=\"og:site_name\" content=\"Trek&#039;n&#039;Tales\" \/>\n<meta property=\"article:modified_time\" content=\"2026-03-26T16:21:37+00:00\" \/>\n<meta property=\"og:image\" content=\"https:\/\/www.trekntales.eu\/wp-content\/uploads\/2025\/11\/IMG_gnomo-ubriaco-scaled.jpg\" \/>\n\t<meta property=\"og:image:width\" content=\"1920\" \/>\n\t<meta property=\"og:image:height\" content=\"2560\" \/>\n\t<meta property=\"og:image:type\" content=\"image\/jpeg\" \/>\n<meta name=\"twitter:card\" content=\"summary_large_image\" \/>\n<meta name=\"twitter:label1\" content=\"Tempo di lettura stimato\" \/>\n\t<meta name=\"twitter:data1\" content=\"2 minuti\" \/>\n<script type=\"application\/ld+json\" class=\"yoast-schema-graph\">{\"@context\":\"https:\\\/\\\/schema.org\",\"@graph\":[{\"@type\":\"WebPage\",\"@id\":\"https:\\\/\\\/www.trekntales.eu\\\/index.php\\\/curiosita\\\/\",\"url\":\"https:\\\/\\\/www.trekntales.eu\\\/index.php\\\/curiosita\\\/\",\"name\":\"Curiosit\u00e0 dal mondo vegetale e animale - Trek&#039;n&#039;Tales\",\"isPartOf\":{\"@id\":\"https:\\\/\\\/www.trekntales.eu\\\/#website\"},\"primaryImageOfPage\":{\"@id\":\"https:\\\/\\\/www.trekntales.eu\\\/index.php\\\/curiosita\\\/#primaryimage\"},\"image\":{\"@id\":\"https:\\\/\\\/www.trekntales.eu\\\/index.php\\\/curiosita\\\/#primaryimage\"},\"thumbnailUrl\":\"https:\\\/\\\/www.trekntales.eu\\\/wp-content\\\/uploads\\\/2025\\\/11\\\/IMG_gnomo-ubriaco-scaled.jpg\",\"datePublished\":\"2025-06-29T13:47:07+00:00\",\"dateModified\":\"2026-03-26T16:21:37+00:00\",\"description\":\"Le cose che forse non sapevi sulla natura e che ti sorprenderanno. Essere curiosi aiuta a conoscere ci\u00f2 che ci circonda\",\"breadcrumb\":{\"@id\":\"https:\\\/\\\/www.trekntales.eu\\\/index.php\\\/curiosita\\\/#breadcrumb\"},\"inLanguage\":\"it-IT\",\"potentialAction\":[{\"@type\":\"ReadAction\",\"target\":[\"https:\\\/\\\/www.trekntales.eu\\\/index.php\\\/curiosita\\\/\"]}]},{\"@type\":\"ImageObject\",\"inLanguage\":\"it-IT\",\"@id\":\"https:\\\/\\\/www.trekntales.eu\\\/index.php\\\/curiosita\\\/#primaryimage\",\"url\":\"https:\\\/\\\/www.trekntales.eu\\\/wp-content\\\/uploads\\\/2025\\\/11\\\/IMG_gnomo-ubriaco-scaled.jpg\",\"contentUrl\":\"https:\\\/\\\/www.trekntales.eu\\\/wp-content\\\/uploads\\\/2025\\\/11\\\/IMG_gnomo-ubriaco-scaled.jpg\",\"width\":1920,\"height\":2560},{\"@type\":\"BreadcrumbList\",\"@id\":\"https:\\\/\\\/www.trekntales.eu\\\/index.php\\\/curiosita\\\/#breadcrumb\",\"itemListElement\":[{\"@type\":\"ListItem\",\"position\":1,\"name\":\"Home\",\"item\":\"https:\\\/\\\/www.trekntales.eu\\\/\"},{\"@type\":\"ListItem\",\"position\":2,\"name\":\"Curiosit\u00e0\"}]},{\"@type\":\"WebSite\",\"@id\":\"https:\\\/\\\/www.trekntales.eu\\\/#website\",\"url\":\"https:\\\/\\\/www.trekntales.eu\\\/\",\"name\":\"Trek'n'Tales\",\"description\":\"alla (ri)scoperta di ci\u00f2 che ci circonda\",\"publisher\":{\"@id\":\"https:\\\/\\\/www.trekntales.eu\\\/#\\\/schema\\\/person\\\/4ea1537b9e20b60327f2d559322ff45c\"},\"potentialAction\":[{\"@type\":\"SearchAction\",\"target\":{\"@type\":\"EntryPoint\",\"urlTemplate\":\"https:\\\/\\\/www.trekntales.eu\\\/?s={search_term_string}\"},\"query-input\":{\"@type\":\"PropertyValueSpecification\",\"valueRequired\":true,\"valueName\":\"search_term_string\"}}],\"inLanguage\":\"it-IT\"},{\"@type\":[\"Person\",\"Organization\"],\"@id\":\"https:\\\/\\\/www.trekntales.eu\\\/#\\\/schema\\\/person\\\/4ea1537b9e20b60327f2d559322ff45c\",\"name\":\"Barbara\",\"image\":{\"@type\":\"ImageObject\",\"inLanguage\":\"it-IT\",\"@id\":\"https:\\\/\\\/www.trekntales.eu\\\/wp-content\\\/uploads\\\/2025\\\/06\\\/Logo-GAE-albero-2.png\",\"url\":\"https:\\\/\\\/www.trekntales.eu\\\/wp-content\\\/uploads\\\/2025\\\/06\\\/Logo-GAE-albero-2.png\",\"contentUrl\":\"https:\\\/\\\/www.trekntales.eu\\\/wp-content\\\/uploads\\\/2025\\\/06\\\/Logo-GAE-albero-2.png\",\"width\":500,\"height\":500,\"caption\":\"Barbara\"},\"logo\":{\"@id\":\"https:\\\/\\\/www.trekntales.eu\\\/wp-content\\\/uploads\\\/2025\\\/06\\\/Logo-GAE-albero-2.png\"},\"description\":\"Le mie passioni per le scienze naturali e la storia si fondono in Trek\u2019n\u2019Tales per creare esperienze di turismo lento, escursioni giornaliere e cammini in pi\u00f9 tappe, alla scoperta dei sentieri e dei racconti meno conosciuti del territorio. Credo che camminare sia la forma pi\u00f9 autentica per esplorare un territorio. Che siate camminatori esperti o alle prime armi, in solitaria, in gruppo o in famiglia, possiamo trasformare insieme un'idea in un'avventura itinerante. Il mio obiettivo \u00e8 farvi scoprire le storie del territorio e apprezzare il semplice piacere di camminare con calma, assaporando ogni passo.\",\"sameAs\":[\"https:\\\/\\\/www.trekntales.eu\",\"https:\\\/\\\/www.instagram.com\\\/trek.n.tales?utm_source=ig_web_button_share_sheet&igsh=ZDNlZDc0MzIxNw==\"]}]}<\/script>\n<!-- \/ Yoast SEO plugin. -->","yoast_head_json":{"title":"Curiosit\u00e0 dal mondo vegetale e animale - Trek&#039;n&#039;Tales","description":"Le cose che forse non sapevi sulla natura e che ti sorprenderanno. Essere curiosi aiuta a conoscere ci\u00f2 che ci circonda","robots":{"index":"index","follow":"follow","max-snippet":"max-snippet:-1","max-image-preview":"max-image-preview:large","max-video-preview":"max-video-preview:-1"},"canonical":"https:\/\/www.trekntales.eu\/index.php\/curiosita\/","og_locale":"it_IT","og_type":"article","og_title":"Curiosit\u00e0 dal mondo vegetale e animale - Trek&#039;n&#039;Tales","og_description":"Le cose che forse non sapevi sulla natura e che ti sorprenderanno. Essere curiosi aiuta a conoscere ci\u00f2 che ci circonda","og_url":"https:\/\/www.trekntales.eu\/index.php\/curiosita\/","og_site_name":"Trek&#039;n&#039;Tales","article_modified_time":"2026-03-26T16:21:37+00:00","og_image":[{"width":1920,"height":2560,"url":"https:\/\/www.trekntales.eu\/wp-content\/uploads\/2025\/11\/IMG_gnomo-ubriaco-scaled.jpg","type":"image\/jpeg"}],"twitter_card":"summary_large_image","twitter_misc":{"Tempo di lettura stimato":"2 minuti"},"schema":{"@context":"https:\/\/schema.org","@graph":[{"@type":"WebPage","@id":"https:\/\/www.trekntales.eu\/index.php\/curiosita\/","url":"https:\/\/www.trekntales.eu\/index.php\/curiosita\/","name":"Curiosit\u00e0 dal mondo vegetale e animale - Trek&#039;n&#039;Tales","isPartOf":{"@id":"https:\/\/www.trekntales.eu\/#website"},"primaryImageOfPage":{"@id":"https:\/\/www.trekntales.eu\/index.php\/curiosita\/#primaryimage"},"image":{"@id":"https:\/\/www.trekntales.eu\/index.php\/curiosita\/#primaryimage"},"thumbnailUrl":"https:\/\/www.trekntales.eu\/wp-content\/uploads\/2025\/11\/IMG_gnomo-ubriaco-scaled.jpg","datePublished":"2025-06-29T13:47:07+00:00","dateModified":"2026-03-26T16:21:37+00:00","description":"Le cose che forse non sapevi sulla natura e che ti sorprenderanno. Essere curiosi aiuta a conoscere ci\u00f2 che ci circonda","breadcrumb":{"@id":"https:\/\/www.trekntales.eu\/index.php\/curiosita\/#breadcrumb"},"inLanguage":"it-IT","potentialAction":[{"@type":"ReadAction","target":["https:\/\/www.trekntales.eu\/index.php\/curiosita\/"]}]},{"@type":"ImageObject","inLanguage":"it-IT","@id":"https:\/\/www.trekntales.eu\/index.php\/curiosita\/#primaryimage","url":"https:\/\/www.trekntales.eu\/wp-content\/uploads\/2025\/11\/IMG_gnomo-ubriaco-scaled.jpg","contentUrl":"https:\/\/www.trekntales.eu\/wp-content\/uploads\/2025\/11\/IMG_gnomo-ubriaco-scaled.jpg","width":1920,"height":2560},{"@type":"BreadcrumbList","@id":"https:\/\/www.trekntales.eu\/index.php\/curiosita\/#breadcrumb","itemListElement":[{"@type":"ListItem","position":1,"name":"Home","item":"https:\/\/www.trekntales.eu\/"},{"@type":"ListItem","position":2,"name":"Curiosit\u00e0"}]},{"@type":"WebSite","@id":"https:\/\/www.trekntales.eu\/#website","url":"https:\/\/www.trekntales.eu\/","name":"Trek'n'Tales","description":"alla (ri)scoperta di ci\u00f2 che ci circonda","publisher":{"@id":"https:\/\/www.trekntales.eu\/#\/schema\/person\/4ea1537b9e20b60327f2d559322ff45c"},"potentialAction":[{"@type":"SearchAction","target":{"@type":"EntryPoint","urlTemplate":"https:\/\/www.trekntales.eu\/?s={search_term_string}"},"query-input":{"@type":"PropertyValueSpecification","valueRequired":true,"valueName":"search_term_string"}}],"inLanguage":"it-IT"},{"@type":["Person","Organization"],"@id":"https:\/\/www.trekntales.eu\/#\/schema\/person\/4ea1537b9e20b60327f2d559322ff45c","name":"Barbara","image":{"@type":"ImageObject","inLanguage":"it-IT","@id":"https:\/\/www.trekntales.eu\/wp-content\/uploads\/2025\/06\/Logo-GAE-albero-2.png","url":"https:\/\/www.trekntales.eu\/wp-content\/uploads\/2025\/06\/Logo-GAE-albero-2.png","contentUrl":"https:\/\/www.trekntales.eu\/wp-content\/uploads\/2025\/06\/Logo-GAE-albero-2.png","width":500,"height":500,"caption":"Barbara"},"logo":{"@id":"https:\/\/www.trekntales.eu\/wp-content\/uploads\/2025\/06\/Logo-GAE-albero-2.png"},"description":"Le mie passioni per le scienze naturali e la storia si fondono in Trek\u2019n\u2019Tales per creare esperienze di turismo lento, escursioni giornaliere e cammini in pi\u00f9 tappe, alla scoperta dei sentieri e dei racconti meno conosciuti del territorio. Credo che camminare sia la forma pi\u00f9 autentica per esplorare un territorio. Che siate camminatori esperti o alle prime armi, in solitaria, in gruppo o in famiglia, possiamo trasformare insieme un'idea in un'avventura itinerante. Il mio obiettivo \u00e8 farvi scoprire le storie del territorio e apprezzare il semplice piacere di camminare con calma, assaporando ogni passo.","sameAs":["https:\/\/www.trekntales.eu","https:\/\/www.instagram.com\/trek.n.tales?utm_source=ig_web_button_share_sheet&igsh=ZDNlZDc0MzIxNw=="]}]}},"_links":{"self":[{"href":"https:\/\/www.trekntales.eu\/index.php\/wp-json\/wp\/v2\/pages\/99","targetHints":{"allow":["GET"]}}],"collection":[{"href":"https:\/\/www.trekntales.eu\/index.php\/wp-json\/wp\/v2\/pages"}],"about":[{"href":"https:\/\/www.trekntales.eu\/index.php\/wp-json\/wp\/v2\/types\/page"}],"author":[{"embeddable":true,"href":"https:\/\/www.trekntales.eu\/index.php\/wp-json\/wp\/v2\/users\/1"}],"replies":[{"embeddable":true,"href":"https:\/\/www.trekntales.eu\/index.php\/wp-json\/wp\/v2\/comments?post=99"}],"version-history":[{"count":12,"href":"https:\/\/www.trekntales.eu\/index.php\/wp-json\/wp\/v2\/pages\/99\/revisions"}],"predecessor-version":[{"id":1051,"href":"https:\/\/www.trekntales.eu\/index.php\/wp-json\/wp\/v2\/pages\/99\/revisions\/1051"}],"wp:featuredmedia":[{"embeddable":true,"href":"https:\/\/www.trekntales.eu\/index.php\/wp-json\/wp\/v2\/media\/293"}],"wp:attachment":[{"href":"https:\/\/www.trekntales.eu\/index.php\/wp-json\/wp\/v2\/media?parent=99"}],"curies":[{"name":"wp","href":"https:\/\/api.w.org\/{rel}","templated":true}]}}