{"id":986,"date":"2026-03-26T11:10:57","date_gmt":"2026-03-26T10:10:57","guid":{"rendered":"https:\/\/www.trekntales.eu\/?page_id=986"},"modified":"2026-07-10T16:00:25","modified_gmt":"2026-07-10T14:00:25","slug":"cammino-via-flavia","status":"publish","type":"page","link":"https:\/\/www.trekntales.eu\/index.php\/cammino-via-flavia\/","title":{"rendered":"Cammino Via Flavia"},"content":{"rendered":"\n<p class=\"wp-block-paragraph\"><\/p>\n\n\n\n<div>\n<div class=\"wp-block-media-text is-stacked-on-mobile\" style=\"grid-template-columns:30% auto\"><figure class=\"wp-block-media-text__media\"><a href=\"https:\/\/www.trekntales.eu\/wp-content\/uploads\/2026\/06\/Pubbl-Via-Flavia-2.png\" target=\"_blank\" rel=\" noreferrer noopener\"><img loading=\"lazy\" decoding=\"async\" width=\"819\" height=\"1024\" src=\"https:\/\/www.trekntales.eu\/wp-content\/uploads\/2026\/06\/Pubbl-Via-Flavia-2-819x1024.png\" alt=\"\" class=\"wp-image-1497 size-full\" srcset=\"https:\/\/www.trekntales.eu\/wp-content\/uploads\/2026\/06\/Pubbl-Via-Flavia-2-819x1024.png 819w, https:\/\/www.trekntales.eu\/wp-content\/uploads\/2026\/06\/Pubbl-Via-Flavia-2-240x300.png 240w, https:\/\/www.trekntales.eu\/wp-content\/uploads\/2026\/06\/Pubbl-Via-Flavia-2-768x960.png 768w, https:\/\/www.trekntales.eu\/wp-content\/uploads\/2026\/06\/Pubbl-Via-Flavia-2.png 1080w\" sizes=\"auto, (max-width: 819px) 100vw, 819px\" \/><\/a><\/figure><div class=\"wp-block-media-text__content\">\n<p class=\"wp-block-paragraph\">Dal 1 al 5 giugno 2026 ho percorso la <strong>VIA FLAVIA<\/strong>, un cammino da Muggia ad Aquileia tra mare, natura e storia!<\/p>\n\n\n\n<p class=\"wp-block-paragraph\">Un cammino adatto anche a chi non ne ha mai percorso nessuno. Segui il mio racconto delle 5 tappe. <\/p>\n\n\n\n<p class=\"wp-block-paragraph\">Il cammino \u00e8 programmato per quest&#8217; autunno: dal 18 al 24 ottobre 2026. Vi accompagner\u00f2 in tutte le fasi di questo viaggio a passo lento, cominciando dalla preparazione dello zaino.<\/p>\n\n\n\n<p class=\"wp-block-paragraph\">Per tutte le info non esitare a contattarmi! <\/p>\n\n\n\n<a class=\"gb-text gb-text-f9ed462d\" href=\"https:\/\/www.trekntales.eu\/index.php\/richiesta-informazioni\/\">Richiesta informazioni<\/a>\n<\/div><\/div>\n\n\n\n<hr class=\"wp-block-separator has-alpha-channel-opacity\"\/>\n\n\n\n<div class=\"wp-block-media-text is-stacked-on-mobile\" style=\"grid-template-columns:30% auto\"><figure class=\"wp-block-media-text__media\"><video controls src=\"https:\/\/www.trekntales.eu\/wp-content\/uploads\/2026\/06\/VID_20260607_041713_020_bsl.mp4\"><\/video><\/figure><div class=\"wp-block-media-text__content\">\n<p class=\"wp-block-paragraph\">Ecco un velocissimo riassunto del mio cammino sulla Via Flavia<\/p>\n<\/div><\/div>\n\n\n\n<hr class=\"wp-block-separator has-alpha-channel-opacity\"\/>\n\n\n\n<div class=\"wp-block-media-text is-stacked-on-mobile\" style=\"grid-template-columns:30% auto\"><figure class=\"wp-block-media-text__media\"><video controls src=\"https:\/\/www.trekntales.eu\/wp-content\/uploads\/2026\/06\/via-flavia-1-tappa.mp4\"><\/video><\/figure><div class=\"wp-block-media-text__content\">\n<p class=\"wp-block-paragraph\"><strong>1\u00b0 Tappa \u2013 Lazzaretto \u2013 Bagnoli<\/strong><\/p>\n\n\n\n<p class=\"wp-block-paragraph\">Dal cippo che indica il termine del Sentiero Italia parto verso <strong>Muggia Vecchia<\/strong>, sostando pochi momenti per ammirare il mare di fronte al vecchio portale d\u2019accesso al <strong>Lazzaretto<\/strong>. Il percorso \u00e8 panoramico sul Golfo di Trieste. Dopo aver apposto il 1\u00b0timbro sulla credenziale mi lascio affascinare dalla bellezza dell\u2019area archeologica e dalla grande quantit\u00e0 di meravigliose farfalle. Visito il centro storico di Muggia e proseguo verso l\u2019 area protetta dei <strong>Laghetti delle Noghere<\/strong>. Salgo a Caresana e poco pi\u00f9 avanti, nella frazione di Crogole, ammiro uno splendido <strong>tiglio plurisecolare<\/strong>, pensando a chiss\u00e0 quante ne ha viste.<\/p>\n\n\n\n<p class=\"wp-block-paragraph\">Questa prima tappa mi ha regalato moltissimi scorci panoramici sul golfo di Trieste e sulla Val Rosandra che si presenta con boschi imponenti e roccia carsica sulle alture che vedo di fronte a me. Sto prendendo confidenza con questo tempo lento dedicato a me e alla scoperta di questi luoghi.<\/p>\n\n\n\n<p class=\"wp-block-paragraph\">Quest\u2019autunno, vi porter\u00f2 alla scoperta di questo straordinario cammino, dal 18 al 24 ottobre. Per tutte le info scrivetemi sui canali social o via mail:<br><a href=\"mailto:apassigentili@trekntales.eu\" type=\"mailto\" id=\"mailto:apassigentili@trekntales.eu\">mailto:<\/a><strong><a href=\"mailto:apassigentili@trekntales.eu\" type=\"mailto\" id=\"mailto:apassigentili@trekntales.eu\">apassigentili@trekntales.eu<\/a> <\/strong><br><\/p>\n<\/div><\/div>\n\n\n\n<hr class=\"wp-block-separator has-alpha-channel-opacity\"\/>\n\n\n\n<div class=\"wp-block-media-text is-stacked-on-mobile\" style=\"grid-template-columns:30% auto\"><figure class=\"wp-block-media-text__media\"><video controls src=\"https:\/\/www.trekntales.eu\/wp-content\/uploads\/2026\/06\/via-flavia-2-tappa.mp4\"><\/video><\/figure><div class=\"wp-block-media-text__content\">\n<p class=\"wp-block-paragraph\"><strong>2\u00b0 Tappa \u2013 Bagnoli &#8211; Miramare<\/strong><\/p>\n\n\n\n<p class=\"wp-block-paragraph\">Da Bagnoli raggiungo la <strong>ciclopedonale Cottur<\/strong> che porta direttamente a Trieste senza farmi mancare scorci panoramici. <br>Arrivo alla <strong>chiesa di San Giacomo<\/strong>, proseguo per <strong>San Giusto<\/strong> per poi arrivare nell\u2019iconica <strong>Piazza Unit\u00e0 d\u2019Italia<\/strong>. Proseguo a livello del mare verso <strong>Barcola<\/strong>, e mi accorgo che il cammino sta avendo diversi effetti positivi.<\/p>\n\n\n\n<p class=\"wp-block-paragraph\">Sto metabolizzando la 1\u00b0 tappa: viaggio da sola come non facevo da moltissimo tempo e ogni passo \u00e8 il risultato delle mie forze.<br>Mi ritrovo a <strong>sorridere <\/strong>(e ridere) <strong>persa nei miei pensieri<\/strong>, ogni tanto canticchio, incontro altri camminatori e diversi cicloviaggiatori, si scambia qualche parola e poi le strade si dividono nuovamente.<br>Proseguo.<br>La sagoma del <strong>castello di Miramare<\/strong> si staglia imponente appena alzo lo sguardo. <\/p>\n\n\n\n<p class=\"wp-block-paragraph\">Il 2\u00b0 giorno di cammino mi regala <strong>nuove emozioni<\/strong>. Apprezzo la semplicit\u00e0 del poter <strong>viaggiare lentamente<\/strong>, con i miei tempi, fermandomi per ammirare un panorama, un monumento, per ricaricare la scorta d\u2019acqua ad una fonte o mangiare qualcosa. Non ho appuntamenti, ne orari predeterminati: so dove devo fermarmi per la notte, ma la modulazione del tempo che impiego per arrivarci \u00e8 una mia scelta.<\/p>\n\n\n\n<p class=\"wp-block-paragraph\">Quest&#8217; autunno vi porto a percorrere questo stupendo cammino, dal 18 al 24 di ottobre. Per tutte le info scrivetemi!<\/p>\n\n\n\n<p class=\"wp-block-paragraph\">Buoni passi!<\/p>\n\n\n\n<p class=\"wp-block-paragraph\"><a href=\"mailto:apassigentili@trekntales.eu\" type=\"mailto\" id=\"mailto:apassigentili@trekntales.eu\">mailto:<\/a><strong><a href=\"mailto:apassigentili@trekntales.eu\" type=\"mailto\" id=\"mailto:apassigentili@trekntales.eu\">apassigentili@trekntales.eu<\/a> <\/strong><\/p>\n<\/div><\/div>\n\n\n\n<hr class=\"wp-block-separator has-alpha-channel-opacity\"\/>\n\n\n\n<div class=\"wp-block-media-text is-stacked-on-mobile\" style=\"grid-template-columns:30% auto\"><figure class=\"wp-block-media-text__media\"><video controls src=\"https:\/\/www.trekntales.eu\/wp-content\/uploads\/2026\/06\/47926.mp4\"><\/video><\/figure><div class=\"wp-block-media-text__content\">\n<p class=\"wp-block-paragraph\"><strong>3\u00b0 Tappa \u2013 Miramare \u2013 Monfalcone<\/strong><\/p>\n\n\n\n<p class=\"wp-block-paragraph\">Un inizio decisamente panoramico, in un tratto sopraelevato rispetto al castello di Miramare.<\/p>\n\n\n\n<p class=\"wp-block-paragraph\">Incontro vecchie postazioni militari risalenti al secolo scorso.<\/p>\n\n\n\n<p class=\"wp-block-paragraph\">Dopo il <strong>sentiero Rilke <\/strong>e Duino arrivo alle <strong>Bocche del Timavo <\/strong>dove la chiesa di San Giovanni in Tuba \u00e8 una sorpresa inaspettata: un piccolo gioiellino, nella sua semplicit\u00e0.<\/p>\n\n\n\n<p class=\"wp-block-paragraph\">Risalgo le colline sul sentiero che permette di aggirare la statale per Monfalcone e mi ritrovo in una zona che porta ancora i segni dei conflitti del secolo scorso: postazioni, trincee, ceppi commemorativi.<\/p>\n\n\n\n<p class=\"wp-block-paragraph\">Dopo aver visitato questo museo a cielo aperto giungo a <strong>Monfalcone<\/strong>, in Piazza della Repubblica.<\/p>\n\n\n\n<p class=\"wp-block-paragraph\">Tappa particolare, il paesaggio inizia a cambiare, si resta impressionati dai segni dei conflitti del \u2018900, secolo ricco di avvenimenti che mi accompagneranno fino ad Aquileia.<\/p>\n\n\n\n<p class=\"wp-block-paragraph\">Dal 18 al 24 di ottobre vi porter\u00f2 a percorrere questo cammino, mai monotono. Per tutte le info scrivetemi!<\/p>\n\n\n\n<p class=\"wp-block-paragraph\">Buoni passi!<\/p>\n\n\n\n<p class=\"wp-block-paragraph\"><a href=\"mailto:apassigentili@trekntales.eu\" type=\"mailto\" id=\"mailto:apassigentili@trekntales.eu\">mailto:<\/a><strong><a href=\"mailto:apassigentili@trekntales.eu\" type=\"mailto\" id=\"mailto:apassigentili@trekntales.eu\">apassigentili@trekntales.eu<\/a> <\/strong><\/p>\n<\/div><\/div>\n\n\n\n<hr class=\"wp-block-separator has-alpha-channel-opacity\"\/>\n\n\n\n<div class=\"wp-block-media-text is-stacked-on-mobile\" style=\"grid-template-columns:30% auto\"><figure class=\"wp-block-media-text__media\"><video controls src=\"https:\/\/www.trekntales.eu\/wp-content\/uploads\/2026\/06\/VID_20260623_225911_098_bsl.mp4\"><\/video><\/figure><div class=\"wp-block-media-text__content\">\n<p class=\"wp-block-paragraph\"><strong>4\u00b0 Tappa \u2013 Monfalcone \u2013 Fossalon<\/strong><\/p>\n\n\n\n<p class=\"wp-block-paragraph\">Lascio <strong>Monfalcone <\/strong>sotto un cielo decisamente cupo e ho appena il tempo di raggiungere Marina Julia che&nbsp;mi imbatto in un temporale forte, ma di breve durata. Poco male: mi sono riparata sotto i portici di un palazzo&nbsp;e sono comunque attrezzata per la pioggia.&nbsp;<br>Appena riparto&nbsp;osservo&nbsp;un altro <strong>temporale&nbsp;<\/strong>sulla&nbsp;zona di Aurisina e Monfalcone dove&nbsp;sono passata ieri.<\/p>\n\n\n\n<p class=\"wp-block-paragraph\">Continuo il cammino in zona costiera per poi passare alla zona golenale&nbsp;della <strong>foce&nbsp;dell\u2019Isonzo<\/strong>. Risalgo il corso di questo fiume cos\u00ec importante storicamente e&nbsp;naturalisticamente:&nbsp;in mezzo ad un campo coltivato&nbsp;c\u2019\u00e8&nbsp;un <strong>capriolo <\/strong>seduto tranquillo che si guarda intorno. Non sembra per nulla turbato dalla mia presenza,&nbsp;lo osservo con attenzione e poi mi allontano per non correre il rischio di disturbarlo.&nbsp;<\/p>\n\n\n\n<p class=\"wp-block-paragraph\">Attraverso un ponte sull\u2019Isonzo che mi permette di raggiungere la riva destra e proseguo: sono ora in piena zona bonificata e le <strong>idrovore <\/strong>che incontro&nbsp;sono il segno di quanta fatica serva, ancora oggi, per mantenere queste terre coltivabili.<\/p>\n\n\n\n<p class=\"wp-block-paragraph\">\u00c8 tutto un susseguirsi di zone umide a protezione&nbsp;in cui l\u2019agricoltura \u00e8 ben integrata. Raggiungo <strong>Fossalon<\/strong>,&nbsp;che appare subito essere una piccola frazione con una storia molto recente: \u00e8 stata infatti fondata a seguito del termine dell\u2019imponente opera di bonifica della zona, come anche altre frazioni di quest\u2019area.<\/p>\n\n\n\n<p class=\"wp-block-paragraph\">Presso la casa parrocchiale posso apporre il timbro sulla credenziale e scambiare qualche chiacchiera con il parroco&nbsp;a proposito della storia del luogo&nbsp;e&nbsp;mi racconta aneddoti molto interessanti sulla chiesa&nbsp;visitata alle Bocche del Timavo e&nbsp;a proposito di Massimiliano e Carlotta d\u2019Asburgo.<\/p>\n\n\n\n<p class=\"wp-block-paragraph\">Questa tappa \u00e8 stata&nbsp;molto&nbsp;<strong>particolare<\/strong>, il paesaggio \u00e8 totalmente cambiato, assomiglia molto ai luoghi in cui sono cresciuta. L\u2019azione dell\u2019uomo \u00e8 ben evidente, ma lo sono anche le numerose aree protette&nbsp;che garantiscono rifugio a diverse specie migratorie. Nonostante la pioggia non ho perso il buon umore.<\/p>\n\n\n\n<p class=\"wp-block-paragraph\">Ripercorrer\u00f2 questo cammino dal 18 al 24 di ottobre: vi porter\u00f2 con me alla scoperta di questo territorio ricco di biodiversit\u00e0 e storia.<br>Contattatemi per tutte le info!<\/p>\n\n\n\n<p class=\"wp-block-paragraph\">Buoni passi!<\/p>\n\n\n\n<p class=\"wp-block-paragraph\"><a href=\"mailto:apassigentili@trekntales.eu\" type=\"mailto\" id=\"mailto:apassigentili@trekntales.eu\">mailto:<\/a><strong><a href=\"mailto:apassigentili@trekntales.eu\" type=\"mailto\" id=\"mailto:apassigentili@trekntales.eu\">apassigentili@trekntales.eu<\/a> <\/strong><\/p>\n<\/div><\/div>\n\n\n\n<hr class=\"wp-block-separator has-alpha-channel-opacity\"\/>\n\n\n\n<div class=\"wp-block-media-text is-stacked-on-mobile\" style=\"grid-template-columns:30% auto\"><figure class=\"wp-block-media-text__media\"><video controls src=\"https:\/\/www.trekntales.eu\/wp-content\/uploads\/2026\/06\/49596.mp4\"><\/video><\/figure><div class=\"wp-block-media-text__content\">\n<p class=\"wp-block-paragraph\"><strong>5\u00b0 Tappa \u2013 Fossalon \u2013 Aquileia<\/strong><\/p>\n\n\n\n<p class=\"wp-block-paragraph\"><span style=\"font-size: 1rem;\">La <strong>Riserva Naturale della Valle Cavanata<\/strong>, allo sbocco del canale Averto, segna il passaggio dall\u2019area bonificata a quella lagunare.<\/span><\/p>\n\n\n\n<p class=\"wp-block-paragraph\"><span style=\"font-size: 1rem;\">Il cielo mi dice che mi aspetta un\u2019altra giornata piovosa. Raggiungo <strong>Grado<\/strong> dove, nel centro storico, visito la <strong>Basilica di Sant\u2019Eufemia<\/strong> durante un momento di prove di un\u2019orchestra.<\/span><\/p>\n\n\n\n<p class=\"wp-block-paragraph\"><span style=\"font-size: 1rem;\">Proseguo per Aquileia e percorro la lingua di terra che congiunge Grado alla terra ferma: piove e tira vento, ma il paesaggio \u00e8 spettacolare. Vedo in lontananza <strong>l\u2019Isola di Barbana <\/strong>con il suo Santuario.<\/span><\/p>\n\n\n\n<p class=\"wp-block-paragraph\"><span style=\"font-size: 1rem;\">Appena giunta in terra ferma faccio una piccola deviazione nella frazione Belvedere e poi proseguo. Giungo ad Aquileia alle spalle della <strong>Basilica<\/strong> e del <strong>Cimitero degli Eroi<\/strong>. Dopo aver apporto gli ultimi timbri visito la Basilica e il Cimitero che ospita le spoglie di numerosi soldati caduti nella Prima Guerra Mondiale (ecco che ritorna la memoria del Carso) e di Maria Bergamas<\/span>.<\/p>\n\n\n\n<p class=\"wp-block-paragraph\"><span style=\"font-size: 1rem;\">Dopo un caff\u00e8 e una fetta di strudel lascio Aquileia attraversando l\u2019area archeologica del <strong>Porto Fluviale<\/strong> romano sotto una leggera pioggia.<\/span><\/p>\n\n\n\n<p class=\"wp-block-paragraph\"><span style=\"font-size: 1rem;\">Ho portato a termine questo cammino pieno di meraviglie naturali e architettoniche. Sole, nuvole, vento e pioggia mi hanno accompagnata in questi giorni.<\/span><\/p>\n\n\n\n<p class=\"wp-block-paragraph\"><span style=\"font-size: 1rem;\">Ho riscoperto le dinamiche del viaggio solitario e ho saputo ascoltare il mio corpo e le sue necessit\u00e0 di cibo, acqua e riposo. Mi sono ritrovata a canticchiare in mezzo alla gente, come in una strada solitaria in mezzo alla campagna. Ho sorriso dal nulla, per nulla.<\/span><\/p>\n\n\n\n<p class=\"wp-block-paragraph\"><span style=\"font-size: 1rem;\">Ciao Via Flavia! Sei stata <strong>emozionante<\/strong> e <strong>curativa<\/strong>, non vedo l\u2019ora di tornare. Pioggia o sole, poco importa.<\/span><\/p>\n\n\n\n<p class=\"wp-block-paragraph\">T<span style=\"font-size: 1rem;\">i porter\u00f2 su questo stupendo cammino dal 18 al 24 di ottobre. Scrivimi per avere tutte le info<\/span><\/p>\n\n\n\n<p class=\"wp-block-paragraph\">Buoni passi!<\/p>\n\n\n\n<p class=\"wp-block-paragraph\"><a href=\"mailto:apassigentili@trekntales.eu\" type=\"mailto\" id=\"mailto:apassigentili@trekntales.eu\">mailto:<\/a><strong><a href=\"mailto:apassigentili@trekntales.eu\" type=\"mailto\" id=\"mailto:apassigentili@trekntales.eu\">apassigentili@trekntales.eu<\/a> <\/strong><\/p>\n<\/div><\/div>\n\n\n\n<hr class=\"wp-block-separator has-alpha-channel-opacity\"\/>\n\n\n\n<div class=\"wp-block-media-text has-media-on-the-right is-stacked-on-mobile\" style=\"grid-template-columns:auto 18%\"><div class=\"wp-block-media-text__content\">\n<p class=\"wp-block-paragraph\"><strong><a href=\"https:\/\/www.trekntales.eu\/index.php\/viaggi-lenti-su-cammini\/\">Qui<\/a><\/strong> trovi le nuove date di programmazione autunnale di viaggi lenti su cammini, progettati e accompagnati da <strong>Barbara <\/strong>(Trek&#8217;n&#8217;Tales &#8211; guida escursionistica e accompagnatrice turistica) e <strong>Francesca<\/strong> (Fra.meraviglie.e.viaggi &#8211; accompagnatrice turistica).<\/p>\n\n\n\n<p class=\"wp-block-paragraph\">Ti aspettiamo!<\/p>\n<\/div><figure class=\"wp-block-media-text__media\"><img loading=\"lazy\" decoding=\"async\" width=\"768\" height=\"1024\" src=\"https:\/\/www.trekntales.eu\/wp-content\/uploads\/2026\/05\/IMG_20260501_190143-768x1024.jpg\" alt=\"\" class=\"wp-image-1363 size-full\" srcset=\"https:\/\/www.trekntales.eu\/wp-content\/uploads\/2026\/05\/IMG_20260501_190143-768x1024.jpg 768w, https:\/\/www.trekntales.eu\/wp-content\/uploads\/2026\/05\/IMG_20260501_190143-225x300.jpg 225w, https:\/\/www.trekntales.eu\/wp-content\/uploads\/2026\/05\/IMG_20260501_190143-1152x1536.jpg 1152w, https:\/\/www.trekntales.eu\/wp-content\/uploads\/2026\/05\/IMG_20260501_190143-1536x2048.jpg 1536w, https:\/\/www.trekntales.eu\/wp-content\/uploads\/2026\/05\/IMG_20260501_190143-scaled.jpg 1920w\" sizes=\"auto, (max-width: 768px) 100vw, 768px\" \/><\/figure><\/div>\n\n\n\n<hr class=\"wp-block-separator has-alpha-channel-opacity\"\/>\n<\/div>\n","protected":false},"excerpt":{"rendered":"<p>Dal 1 al 5 giugno 2026 ho percorso la VIA FLAVIA, un cammino da Muggia ad Aquileia tra mare, natura e storia! Un cammino adatto anche a chi non ne [&hellip;]<\/p>\n","protected":false},"author":1,"featured_media":987,"parent":0,"menu_order":0,"comment_status":"closed","ping_status":"closed","template":"","meta":{"_acf_changed":false,"_EventAllDay":false,"_EventTimezone":"","_EventStartDate":"","_EventEndDate":"","_EventStartDateUTC":"","_EventEndDateUTC":"","_EventShowMap":false,"_EventShowMapLink":false,"_EventURL":"","_EventCost":"","_EventCostDescription":"","_EventCurrencySymbol":"","_EventCurrencyCode":"","_EventCurrencyPosition":"","_EventDateTimeSeparator":"","_EventTimeRangeSeparator":"","_EventOrganizerID":[],"_EventVenueID":[],"_OrganizerEmail":"","_OrganizerPhone":"","_OrganizerWebsite":"","_VenueAddress":"","_VenueCity":"","_VenueCountry":"","_VenueProvince":"","_VenueState":"","_VenueZip":"","_VenuePhone":"","_VenueURL":"","_VenueStateProvince":"","_VenueLat":"","_VenueLng":"","_VenueShowMap":false,"_VenueShowMapLink":false,"footnotes":""},"class_list":["post-986","page","type-page","status-publish","has-post-thumbnail","hentry"],"acf":[],"yoast_head":"<!-- This site is optimized with the Yoast SEO plugin v28.0 - https:\/\/yoast.com\/product\/yoast-seo-wordpress\/ -->\n<title>Cammino Via Flavia - Trek&#039;n&#039;Tales<\/title>\n<meta name=\"description\" content=\"Scopri il Cammino Via Flavia con noi! Unisciti a un viaggio tra mare e storia dal 31 maggio al 5 giugno 2026. Contattami per info e programma\" \/>\n<meta name=\"robots\" content=\"index, follow, max-snippet:-1, max-image-preview:large, max-video-preview:-1\" \/>\n<link rel=\"canonical\" href=\"https:\/\/www.trekntales.eu\/index.php\/cammino-via-flavia\/\" \/>\n<meta property=\"og:locale\" content=\"it_IT\" \/>\n<meta property=\"og:type\" content=\"article\" \/>\n<meta property=\"og:title\" content=\"Cammino Via Flavia - Trek&#039;n&#039;Tales\" \/>\n<meta property=\"og:description\" content=\"Scopri il Cammino Via Flavia con noi! Unisciti a un viaggio tra mare e storia dal 31 maggio al 5 giugno 2026. Contattami per info e programma\" \/>\n<meta property=\"og:url\" content=\"https:\/\/www.trekntales.eu\/index.php\/cammino-via-flavia\/\" \/>\n<meta property=\"og:site_name\" content=\"Trek&#039;n&#039;Tales\" \/>\n<meta property=\"article:modified_time\" content=\"2026-07-10T14:00:25+00:00\" \/>\n<meta property=\"og:image\" content=\"https:\/\/www.trekntales.eu\/wp-content\/uploads\/2026\/03\/logo_cammino_via_flavia_23_1@512x.png\" \/>\n\t<meta property=\"og:image:width\" content=\"512\" \/>\n\t<meta property=\"og:image:height\" content=\"512\" \/>\n\t<meta property=\"og:image:type\" content=\"image\/png\" \/>\n<meta name=\"twitter:card\" content=\"summary_large_image\" \/>\n<meta name=\"twitter:label1\" content=\"Tempo di lettura stimato\" \/>\n\t<meta name=\"twitter:data1\" content=\"8 minuti\" \/>\n<script type=\"application\/ld+json\" class=\"yoast-schema-graph\">{\"@context\":\"https:\\\/\\\/schema.org\",\"@graph\":[{\"@type\":\"WebPage\",\"@id\":\"https:\\\/\\\/www.trekntales.eu\\\/index.php\\\/cammino-via-flavia\\\/\",\"url\":\"https:\\\/\\\/www.trekntales.eu\\\/index.php\\\/cammino-via-flavia\\\/\",\"name\":\"Cammino Via Flavia - Trek&#039;n&#039;Tales\",\"isPartOf\":{\"@id\":\"https:\\\/\\\/www.trekntales.eu\\\/#website\"},\"primaryImageOfPage\":{\"@id\":\"https:\\\/\\\/www.trekntales.eu\\\/index.php\\\/cammino-via-flavia\\\/#primaryimage\"},\"image\":{\"@id\":\"https:\\\/\\\/www.trekntales.eu\\\/index.php\\\/cammino-via-flavia\\\/#primaryimage\"},\"thumbnailUrl\":\"https:\\\/\\\/www.trekntales.eu\\\/wp-content\\\/uploads\\\/2026\\\/03\\\/logo_cammino_via_flavia_23_1@512x.png\",\"datePublished\":\"2026-03-26T10:10:57+00:00\",\"dateModified\":\"2026-07-10T14:00:25+00:00\",\"description\":\"Scopri il Cammino Via Flavia con noi! Unisciti a un viaggio tra mare e storia dal 31 maggio al 5 giugno 2026. Contattami per info e programma\",\"breadcrumb\":{\"@id\":\"https:\\\/\\\/www.trekntales.eu\\\/index.php\\\/cammino-via-flavia\\\/#breadcrumb\"},\"inLanguage\":\"it-IT\",\"potentialAction\":[{\"@type\":\"ReadAction\",\"target\":[\"https:\\\/\\\/www.trekntales.eu\\\/index.php\\\/cammino-via-flavia\\\/\"]}]},{\"@type\":\"ImageObject\",\"inLanguage\":\"it-IT\",\"@id\":\"https:\\\/\\\/www.trekntales.eu\\\/index.php\\\/cammino-via-flavia\\\/#primaryimage\",\"url\":\"https:\\\/\\\/www.trekntales.eu\\\/wp-content\\\/uploads\\\/2026\\\/03\\\/logo_cammino_via_flavia_23_1@512x.png\",\"contentUrl\":\"https:\\\/\\\/www.trekntales.eu\\\/wp-content\\\/uploads\\\/2026\\\/03\\\/logo_cammino_via_flavia_23_1@512x.png\",\"width\":512,\"height\":512},{\"@type\":\"BreadcrumbList\",\"@id\":\"https:\\\/\\\/www.trekntales.eu\\\/index.php\\\/cammino-via-flavia\\\/#breadcrumb\",\"itemListElement\":[{\"@type\":\"ListItem\",\"position\":1,\"name\":\"Home\",\"item\":\"https:\\\/\\\/www.trekntales.eu\\\/\"},{\"@type\":\"ListItem\",\"position\":2,\"name\":\"Cammino Via Flavia\"}]},{\"@type\":\"WebSite\",\"@id\":\"https:\\\/\\\/www.trekntales.eu\\\/#website\",\"url\":\"https:\\\/\\\/www.trekntales.eu\\\/\",\"name\":\"Trek'n'Tales\",\"description\":\"alla (ri)scoperta di ci\u00f2 che ci circonda\",\"publisher\":{\"@id\":\"https:\\\/\\\/www.trekntales.eu\\\/#\\\/schema\\\/person\\\/4ea1537b9e20b60327f2d559322ff45c\"},\"potentialAction\":[{\"@type\":\"SearchAction\",\"target\":{\"@type\":\"EntryPoint\",\"urlTemplate\":\"https:\\\/\\\/www.trekntales.eu\\\/?s={search_term_string}\"},\"query-input\":{\"@type\":\"PropertyValueSpecification\",\"valueRequired\":true,\"valueName\":\"search_term_string\"}}],\"inLanguage\":\"it-IT\"},{\"@type\":[\"Person\",\"Organization\"],\"@id\":\"https:\\\/\\\/www.trekntales.eu\\\/#\\\/schema\\\/person\\\/4ea1537b9e20b60327f2d559322ff45c\",\"name\":\"Barbara\",\"image\":{\"@type\":\"ImageObject\",\"inLanguage\":\"it-IT\",\"@id\":\"https:\\\/\\\/www.trekntales.eu\\\/wp-content\\\/uploads\\\/2025\\\/06\\\/Logo-GAE-albero-2.png\",\"url\":\"https:\\\/\\\/www.trekntales.eu\\\/wp-content\\\/uploads\\\/2025\\\/06\\\/Logo-GAE-albero-2.png\",\"contentUrl\":\"https:\\\/\\\/www.trekntales.eu\\\/wp-content\\\/uploads\\\/2025\\\/06\\\/Logo-GAE-albero-2.png\",\"width\":500,\"height\":500,\"caption\":\"Barbara\"},\"logo\":{\"@id\":\"https:\\\/\\\/www.trekntales.eu\\\/wp-content\\\/uploads\\\/2025\\\/06\\\/Logo-GAE-albero-2.png\"},\"description\":\"Le mie passioni per le scienze naturali e la storia si fondono in Trek\u2019n\u2019Tales per creare esperienze di turismo lento, escursioni giornaliere e cammini in pi\u00f9 tappe, alla scoperta dei sentieri e dei racconti meno conosciuti del territorio. Credo che camminare sia la forma pi\u00f9 autentica per esplorare un territorio. Che siate camminatori esperti o alle prime armi, in solitaria, in gruppo o in famiglia, possiamo trasformare insieme un'idea in un'avventura itinerante. Il mio obiettivo \u00e8 farvi scoprire le storie del territorio e apprezzare il semplice piacere di camminare con calma, assaporando ogni passo.\",\"sameAs\":[\"https:\\\/\\\/www.trekntales.eu\",\"https:\\\/\\\/www.instagram.com\\\/trek.n.tales?utm_source=ig_web_button_share_sheet&igsh=ZDNlZDc0MzIxNw==\"]}]}<\/script>\n<!-- \/ Yoast SEO plugin. -->","yoast_head_json":{"title":"Cammino Via Flavia - Trek&#039;n&#039;Tales","description":"Scopri il Cammino Via Flavia con noi! Unisciti a un viaggio tra mare e storia dal 31 maggio al 5 giugno 2026. Contattami per info e programma","robots":{"index":"index","follow":"follow","max-snippet":"max-snippet:-1","max-image-preview":"max-image-preview:large","max-video-preview":"max-video-preview:-1"},"canonical":"https:\/\/www.trekntales.eu\/index.php\/cammino-via-flavia\/","og_locale":"it_IT","og_type":"article","og_title":"Cammino Via Flavia - Trek&#039;n&#039;Tales","og_description":"Scopri il Cammino Via Flavia con noi! Unisciti a un viaggio tra mare e storia dal 31 maggio al 5 giugno 2026. Contattami per info e programma","og_url":"https:\/\/www.trekntales.eu\/index.php\/cammino-via-flavia\/","og_site_name":"Trek&#039;n&#039;Tales","article_modified_time":"2026-07-10T14:00:25+00:00","og_image":[{"width":512,"height":512,"url":"https:\/\/www.trekntales.eu\/wp-content\/uploads\/2026\/03\/logo_cammino_via_flavia_23_1@512x.png","type":"image\/png"}],"twitter_card":"summary_large_image","twitter_misc":{"Tempo di lettura stimato":"8 minuti"},"schema":{"@context":"https:\/\/schema.org","@graph":[{"@type":"WebPage","@id":"https:\/\/www.trekntales.eu\/index.php\/cammino-via-flavia\/","url":"https:\/\/www.trekntales.eu\/index.php\/cammino-via-flavia\/","name":"Cammino Via Flavia - Trek&#039;n&#039;Tales","isPartOf":{"@id":"https:\/\/www.trekntales.eu\/#website"},"primaryImageOfPage":{"@id":"https:\/\/www.trekntales.eu\/index.php\/cammino-via-flavia\/#primaryimage"},"image":{"@id":"https:\/\/www.trekntales.eu\/index.php\/cammino-via-flavia\/#primaryimage"},"thumbnailUrl":"https:\/\/www.trekntales.eu\/wp-content\/uploads\/2026\/03\/logo_cammino_via_flavia_23_1@512x.png","datePublished":"2026-03-26T10:10:57+00:00","dateModified":"2026-07-10T14:00:25+00:00","description":"Scopri il Cammino Via Flavia con noi! Unisciti a un viaggio tra mare e storia dal 31 maggio al 5 giugno 2026. Contattami per info e programma","breadcrumb":{"@id":"https:\/\/www.trekntales.eu\/index.php\/cammino-via-flavia\/#breadcrumb"},"inLanguage":"it-IT","potentialAction":[{"@type":"ReadAction","target":["https:\/\/www.trekntales.eu\/index.php\/cammino-via-flavia\/"]}]},{"@type":"ImageObject","inLanguage":"it-IT","@id":"https:\/\/www.trekntales.eu\/index.php\/cammino-via-flavia\/#primaryimage","url":"https:\/\/www.trekntales.eu\/wp-content\/uploads\/2026\/03\/logo_cammino_via_flavia_23_1@512x.png","contentUrl":"https:\/\/www.trekntales.eu\/wp-content\/uploads\/2026\/03\/logo_cammino_via_flavia_23_1@512x.png","width":512,"height":512},{"@type":"BreadcrumbList","@id":"https:\/\/www.trekntales.eu\/index.php\/cammino-via-flavia\/#breadcrumb","itemListElement":[{"@type":"ListItem","position":1,"name":"Home","item":"https:\/\/www.trekntales.eu\/"},{"@type":"ListItem","position":2,"name":"Cammino Via Flavia"}]},{"@type":"WebSite","@id":"https:\/\/www.trekntales.eu\/#website","url":"https:\/\/www.trekntales.eu\/","name":"Trek'n'Tales","description":"alla (ri)scoperta di ci\u00f2 che ci circonda","publisher":{"@id":"https:\/\/www.trekntales.eu\/#\/schema\/person\/4ea1537b9e20b60327f2d559322ff45c"},"potentialAction":[{"@type":"SearchAction","target":{"@type":"EntryPoint","urlTemplate":"https:\/\/www.trekntales.eu\/?s={search_term_string}"},"query-input":{"@type":"PropertyValueSpecification","valueRequired":true,"valueName":"search_term_string"}}],"inLanguage":"it-IT"},{"@type":["Person","Organization"],"@id":"https:\/\/www.trekntales.eu\/#\/schema\/person\/4ea1537b9e20b60327f2d559322ff45c","name":"Barbara","image":{"@type":"ImageObject","inLanguage":"it-IT","@id":"https:\/\/www.trekntales.eu\/wp-content\/uploads\/2025\/06\/Logo-GAE-albero-2.png","url":"https:\/\/www.trekntales.eu\/wp-content\/uploads\/2025\/06\/Logo-GAE-albero-2.png","contentUrl":"https:\/\/www.trekntales.eu\/wp-content\/uploads\/2025\/06\/Logo-GAE-albero-2.png","width":500,"height":500,"caption":"Barbara"},"logo":{"@id":"https:\/\/www.trekntales.eu\/wp-content\/uploads\/2025\/06\/Logo-GAE-albero-2.png"},"description":"Le mie passioni per le scienze naturali e la storia si fondono in Trek\u2019n\u2019Tales per creare esperienze di turismo lento, escursioni giornaliere e cammini in pi\u00f9 tappe, alla scoperta dei sentieri e dei racconti meno conosciuti del territorio. Credo che camminare sia la forma pi\u00f9 autentica per esplorare un territorio. Che siate camminatori esperti o alle prime armi, in solitaria, in gruppo o in famiglia, possiamo trasformare insieme un'idea in un'avventura itinerante. Il mio obiettivo \u00e8 farvi scoprire le storie del territorio e apprezzare il semplice piacere di camminare con calma, assaporando ogni passo.","sameAs":["https:\/\/www.trekntales.eu","https:\/\/www.instagram.com\/trek.n.tales?utm_source=ig_web_button_share_sheet&igsh=ZDNlZDc0MzIxNw=="]}]}},"_links":{"self":[{"href":"https:\/\/www.trekntales.eu\/index.php\/wp-json\/wp\/v2\/pages\/986","targetHints":{"allow":["GET"]}}],"collection":[{"href":"https:\/\/www.trekntales.eu\/index.php\/wp-json\/wp\/v2\/pages"}],"about":[{"href":"https:\/\/www.trekntales.eu\/index.php\/wp-json\/wp\/v2\/types\/page"}],"author":[{"embeddable":true,"href":"https:\/\/www.trekntales.eu\/index.php\/wp-json\/wp\/v2\/users\/1"}],"replies":[{"embeddable":true,"href":"https:\/\/www.trekntales.eu\/index.php\/wp-json\/wp\/v2\/comments?post=986"}],"version-history":[{"count":28,"href":"https:\/\/www.trekntales.eu\/index.php\/wp-json\/wp\/v2\/pages\/986\/revisions"}],"predecessor-version":[{"id":1557,"href":"https:\/\/www.trekntales.eu\/index.php\/wp-json\/wp\/v2\/pages\/986\/revisions\/1557"}],"wp:featuredmedia":[{"embeddable":true,"href":"https:\/\/www.trekntales.eu\/index.php\/wp-json\/wp\/v2\/media\/987"}],"wp:attachment":[{"href":"https:\/\/www.trekntales.eu\/index.php\/wp-json\/wp\/v2\/media?parent=986"}],"curies":[{"name":"wp","href":"https:\/\/api.w.org\/{rel}","templated":true}]}}