{"id":526,"date":"2026-02-04T10:57:11","date_gmt":"2026-02-04T09:57:11","guid":{"rendered":"https:\/\/www.trekntales.eu\/?page_id=526"},"modified":"2026-03-26T18:33:16","modified_gmt":"2026-03-26T17:33:16","slug":"regolamento","status":"publish","type":"page","link":"https:\/\/www.trekntales.eu\/index.php\/regolamento\/","title":{"rendered":"Regolamento"},"content":{"rendered":"\n<p class=\"wp-block-paragraph\">Iscrivendosi all&#8217;escursione, il\/la partecipante accetta il regolamento e dichiara, in piena autonomia e responsabilit\u00e0, di essere in condizioni di salute e fisiche adatte all&#8217;escursionismo.<br>Il\/La partecipante si impegna ad aver segnalato preventivamente alla guida eventuali situazioni personali rilevanti per la sicurezza\u00a0(propria e del gruppo).<br>In caso di particolari patologie o reazioni allergiche il partecipante \u00e8 pregato di comunicarlo al momento dell\u2019iscrizione.\u00a0<\/p>\n\n\n\n<p class=\"wp-block-paragraph\">La guida si riserva il diritto di escludere, per motivi di sicurezza, partecipanti che non soddisfino i requisiti essenziali per l&#8217;attivit\u00e0&nbsp;(es: mancanza di abbigliamento e calzature adeguate, &#8230;).&nbsp;<\/p>\n\n\n\n<p class=\"wp-block-paragraph\">La guida, in qualit\u00e0 di professionista responsabile della sicurezza del gruppo, pu\u00f2 decidere in qualsiasi momento di concludere l\u2019escursione se non \u00e8 possibile&nbsp;proseguire in sicurezza.&nbsp;<\/p>\n\n\n\n<p class=\"wp-block-paragraph\">Le attivit\u00e0 sono aperte a tutti.<br>L&#8217;iscrizione per i minori \u00e8 subordinata alla\u00a0<strong>presentazione e supervisione continua di un accompagnatore adulto<\/strong>, che ne assume la piena responsabilit\u00e0 per l&#8217;intera durata dell&#8217;escursione.\u00a0<\/p>\n\n\n\n<p class=\"wp-block-paragraph\">Ogni partecipante \u00e8 responsabile del proprio spostamento fino al luogo dell&#8217;appuntamento. Eventuali accordi per il car pooling (condivisione auto) e la suddivisione delle spese di viaggio sono organizzati in autonomia e sotto la responsabilit\u00e0 dei diretti interessati.&nbsp;<\/p>\n\n\n\n<p class=\"wp-block-paragraph\">Per le escursioni che prevedono degustazioni, aperitivi o altri momenti di ristorazione,\u00a0<strong>\u00e8 fondamentale segnalare al momento della prenotazione\u00a0<\/strong>(da fare direttamente alla struttura ospitante)\u00a0eventuali allergie, intolleranze alimentari (come a lattosio o glutine) o regimi dietetici specifici (ad esempio vegetariano o vegano).\u00a0<br>Questa comunicazione,\u00a0che, ricordiamo, deve essere inviata\u00a0<strong>direttamente alla struttura che fornisce il servizio<\/strong>, \u00e8 indispensabile per permettere la preparazione di alternative adeguate e sicure. In assenza di una segnalazione tempestiva,\u00a0<strong>non sar\u00e0 possibile garantire menu personalizzati<\/strong>.<\/p>\n\n\n\n<p class=\"has-small-font-size wp-block-paragraph\">L&#8217;accesso degli animali da compagnia \u00e8\u00a0<strong>subordinato all&#8217;autorizzazione preventiva della guida<\/strong>, in base a criteri come la tipologia del percorso, le condizioni stagionali (es. eventuale presenza di cani da guardiania) e le caratteristiche dell&#8217;escursione.\u00a0<br>\u00c8 pertanto\u00a0<strong>obbligatorio concordarne la presenza prima dell&#8217;iscrizione<\/strong>. Eventuali animali non comunicati tempestivamente\u00a0<strong>non saranno ammessi<\/strong>\u00a0alla partenza.\u00a0<\/p>\n\n\n\n<p class=\"wp-block-paragraph\">Consigli prima di iscriversi alle escursioni proposte da\u00a0&#8220;Trek\u2019N\u2019Tales\u201d (Barbara Porra):\u00a0<\/p>\n\n\n\n<ul class=\"wp-block-list has-small-font-size\">\n<li class=\"has-small-font-size\" style=\"margin-top:var(--wp--preset--spacing--20);margin-bottom:var(--wp--preset--spacing--20)\"><strong>Consultare attentamente la scheda tecnica dell&#8217;escursione<\/strong>\u00a0(dislivello, lunghezza, difficolt\u00e0) e a\u00a0<strong>valutare con onest\u00e0<\/strong>\u00a0se le caratteristiche del percorso siano adatte alla propria preparazione e stato di salute.\u00a0<\/li>\n\n\n\n<li class=\"has-small-font-size\" style=\"margin-top:var(--wp--preset--spacing--20);margin-bottom:var(--wp--preset--spacing--20)\">Prima della partenza, invitiamo a\u00a0<strong>verificare sempre gli aggiornamenti sulle\u00a0nostre\u00a0pagine social\/sito\u00a0o via\u00a0e-mail\/messaggistica<\/strong>\u00a0per confermare che l&#8217;escursione non sia stata annullata o modificata a causa di condizioni meteo avverse, altre circostanze che ne compromettano la sicurezza e\/o la buona riuscita\u00a0o altri imprevisti.\u00a0\u00a0<br><strong>\u00c8 responsabilit\u00e0 del partecipante verificare l\u2019effettivo svolgimento dell\u2019escursione prima di mettersi in viaggio.<\/strong>\u00a0<\/li>\n\n\n\n<li class=\"has-small-font-size\" style=\"margin-top:var(--wp--preset--spacing--20);margin-bottom:var(--wp--preset--spacing--20)\">I partecipanti sono pregati di rispettare scrupolosamente l&#8217;orario di partenza. In caso di imprevisto e ritardo,\u00a0si chiede di\u00a0<strong>avvisare tempestivamente la guida<\/strong>\u00a0al numero 340-6329513. In assenza di comunicazione, l&#8217;escursione inizier\u00e0 comunque all&#8217;orario stabilito secondo il\u00a0programma.\u00a0<\/li>\n\n\n\n<li class=\"has-small-font-size\" style=\"margin-top:var(--wp--preset--spacing--20);margin-bottom:var(--wp--preset--spacing--20)\">La durata e l&#8217;orario di termine dell&#8217;attivit\u00e0 sono suscettibili di variazione in base a fattori logistici, meteorologici o di gruppo. Si raccomanda di\u00a0<strong>non fissare appuntamenti o mezzi di trasporto con orari strettamente consecutivi alla fine stimata dell&#8217;escursione.<\/strong>\u00a0<\/li>\n\n\n\n<li class=\"has-small-font-size\" style=\"margin-top:var(--wp--preset--spacing--20);margin-bottom:var(--wp--preset--spacing--20)\">L&#8217;abbandono autonomo dell&#8217;escursione prima del suo termine \u00e8\u00a0<strong>vietato<\/strong>. Eventuali uscite anticipate dal gruppo sono possibili\u00a0<strong>solo se autorizzate dalla guida<\/strong>\u00a0e sotto la supervisione di un accompagnatore designato.\u00a0<\/li>\n\n\n\n<li class=\"has-small-font-size\" style=\"margin-top:var(--wp--preset--spacing--20);margin-bottom:var(--wp--preset--spacing--20)\">I metodi di pagamento accettati sono:\u00a0<strong>Satispay<\/strong>\u00a0e\u00a0<strong>contanti<\/strong>.\u00a0<br>Su alcune escursioni, a nostra discrezione, potr\u00e0 essere richiesto il\u00a0<strong>pagamento anticipato<\/strong>\u00a0(al momento dell&#8217;iscrizione o alla conferma definitiva dell&#8217;uscita).\u00a0<br>Le coordinate per il pagamento verranno fornite\u00a0<strong>esclusivamente<\/strong>\u00a0ai partecipanti la cui iscrizione \u00e8 stata confermata.\u00a0<\/li>\n\n\n\n<li class=\"has-small-font-size\" style=\"margin-top:var(--wp--preset--spacing--20);margin-bottom:var(--wp--preset--spacing--20)\">Consigliamo vivamente di valutare la sottoscrizione di un&#8217;assicurazione personale contro infortuni e per la responsabilit\u00e0 civile.\u00a0<strong>Trek&#8217;N&#8217;Tales\u00a0(Barbara Porra) non fornisce coperture assicurative per i partecipanti<\/strong>\u00a0alle proprie escursioni\u00a0<\/li>\n\n\n\n<li class=\"has-small-font-size\" style=\"margin-top:var(--wp--preset--spacing--20);margin-bottom:var(--wp--preset--spacing--20)\">\u00c8 obbligatorio rispettare le norme, i regolamenti locali e seguire attentamente le indicazioni della guida.\u00a0<strong>Portare via i propri rifiuti<\/strong>\u00a0aiuta a mantenere l&#8217;ambiente incontaminato.\u00a0<\/li>\n\n\n\n<li class=\"has-small-font-size\" style=\"padding-top:var(--wp--preset--spacing--20);padding-bottom:var(--wp--preset--spacing--20)\">Prestare\u00a0la massima attenzione al fine di evitare incidenti\u00a0e infortuni;\u00a0<\/li>\n<\/ul>\n\n\n\n<p class=\"wp-block-paragraph\">Disdette&nbsp;<\/p>\n\n\n\n<ul class=\"wp-block-list\">\n<li class=\"has-small-font-size\" style=\"margin-top:var(--wp--preset--spacing--20);margin-bottom:var(--wp--preset--spacing--20)\">L&#8217;iscrizione rappresenta un\u00a0<strong>impegno\u00a0pre-confermato<\/strong>\u00a0alla partecipazione e permette di organizzare al meglio l&#8217;attivit\u00e0, riservando il posto.\u00a0Si\u00a0chiede quindi\u00a0che venga onorato con seriet\u00e0. In caso di impossibilit\u00e0 a partecipare, \u00e8 necessario comunicare la disdetta\u00a0<strong>tempestivamente<\/strong>.\u00a0<\/li>\n\n\n\n<li class=\"has-small-font-size\" style=\"margin-top:var(--wp--preset--spacing--20);margin-bottom:var(--wp--preset--spacing--20)\">Il pagamento conferma l&#8217;iscrizione.\u00a0<br>Per\u00a0disdette comunicate\u00a0<strong>entro 48 ore (2 giorni)\u00a0dall\u2019inizio\u00a0<\/strong>dell&#8217;attivit\u00e0,\u00a0in caso di pagamento anticipato,\u00a0viene emesso un\u00a0<strong>buono credito<\/strong>\u00a0del valore della quota versata,\u00a0<strong>valido 3 mesi<\/strong>\u00a0per una prenotazione\u00a0futura.\u00a0<br>Per disdette comunicate\u00a0<strong>nelle 48 ore (2 giorni)\u00a0precedenti\u00a0l\u2019inizio\u00a0<\/strong>dell&#8217;attivit\u00e0, in caso di pagamento anticipato, non \u00e8 previsto alcun rimborso<strong>\u202f<\/strong><\/li>\n\n\n\n<li class=\"has-small-font-size\" style=\"margin-top:var(--wp--preset--spacing--20);margin-bottom:var(--wp--preset--spacing--20)\">In caso di annullamento dell&#8217;attivit\u00e0 da parte dell&#8217;organizzazione per cause di forza maggiore o necessit\u00e0 organizzative (maltempo, mancato raggiungimento del numero minimo, etc.), i partecipanti che hanno effettuato un pagamento anticipato hanno diritto al rimborso totale della quota versata o alla conversione della stessa in un Credito\/Buono del valore versato, utilizzabile su una prenotazione successiva\u00a0<br>Non \u00e8 MAI previsto\u00a0il rimborso di vitto\/alloggio\/trasporto eventualmente prenotati dal partecipante nell&#8217;ambito della partecipazione dell\u2019escursione.\u00a0<\/li>\n\n\n\n<li class=\"has-small-font-size\" style=\"margin-top:var(--wp--preset--spacing--20);margin-bottom:var(--wp--preset--spacing--20)\"><strong>Crediti per Escursioni\/Buoni Regalo). Hanno validit\u00e0 di<\/strong>\u00a03\u00a0mesi dalla data di emissione e sono utilizzabili su escursioni diurne o notturne a scelta, in base al valore.\u00a0Sono\u00a0<strong>nominativi e non cedibili<\/strong>\u00a0a terzi.\u00a0<\/li>\n\n\n\n<li class=\"has-small-font-size\" style=\"margin-top:var(--wp--preset--spacing--20);margin-bottom:var(--wp--preset--spacing--20)\">Gli eventi promossi su questo sito ma gestiti da Organizzatori Terzi (Consorzi locali, Pro Loco, Agenzie di Viaggio, ecc.) sono soggetti alle\u00a0<strong>condizioni contrattuali e alle loro politiche specifiche di detti Terzi<\/strong>.\u00a0Trek&#8217;N&#8217;Tales\u00a0(Barbara Porra) funge da mero canale di diffusione dell&#8217;informazione.\u00a0<\/li>\n<\/ul>\n\n\n\n<p class=\"wp-block-paragraph\">Equipaggiamento&nbsp;<\/p>\n\n\n\n<p class=\"wp-block-paragraph\">Si raccomanda un abbigliamento tecnico &#8220;a strati&#8221; e adatto alle condizioni stagionali, scarpe o scarponi idonei (con suola scolpita), giacca impermeabile o mantellina antipioggia (consigliate), cappello e occhiali da sole. Non dimenticate la crema solare, uno zaino comodo e capace, una scorta d\u2019acqua personale di almeno 1,5 litri e il pranzo (o cena) al sacco. Per le escursioni in orario serale o notturno, \u00e8 obbligatorio dotarsi di una torcia frontale.&nbsp;<\/p>\n\n\n\n<p class=\"wp-block-paragraph\">La guida, nell\u2019interesse della sicurezza del gruppo, verificher\u00e0 l\u2019equipaggiamento di ciascuno prima della partenza. Si precisa che i partecipanti sprovvisti dell\u2019attrezzatura minima ritenuta essenziale potranno, a suo insindacabile giudizio, essere esclusi dall\u2019attivit\u00e0.&nbsp;<\/p>\n\n\n\n<p class=\"wp-block-paragraph\">Il partecipante \u00e8 l\u2019unico responsabile della cura e della custodia dei propri beni personali (zaini, attrezzatura tecnica, fotocamere, smartphone, etc.). L&#8217;organizzazione&nbsp;<strong>non risponde in alcun caso<\/strong>&nbsp;di danni, smarrimenti o furti.&nbsp;<\/p>\n","protected":false},"excerpt":{"rendered":"<p>Iscrivendosi all&#8217;escursione, il\/la partecipante accetta il regolamento e dichiara, in piena autonomia e responsabilit\u00e0, di essere in condizioni di salute e fisiche adatte all&#8217;escursionismo.Il\/La partecipante si impegna ad aver segnalato [&hellip;]<\/p>\n","protected":false},"author":1,"featured_media":0,"parent":0,"menu_order":0,"comment_status":"closed","ping_status":"closed","template":"","meta":{"_acf_changed":false,"_EventAllDay":false,"_EventTimezone":"","_EventStartDate":"","_EventEndDate":"","_EventStartDateUTC":"","_EventEndDateUTC":"","_EventShowMap":false,"_EventShowMapLink":false,"_EventURL":"","_EventCost":"","_EventCostDescription":"","_EventCurrencySymbol":"","_EventCurrencyCode":"","_EventCurrencyPosition":"","_EventDateTimeSeparator":"","_EventTimeRangeSeparator":"","_EventOrganizerID":[],"_EventVenueID":[],"_OrganizerEmail":"","_OrganizerPhone":"","_OrganizerWebsite":"","_VenueAddress":"","_VenueCity":"","_VenueCountry":"","_VenueProvince":"","_VenueState":"","_VenueZip":"","_VenuePhone":"","_VenueURL":"","_VenueStateProvince":"","_VenueLat":"","_VenueLng":"","_VenueShowMap":false,"_VenueShowMapLink":false,"footnotes":""},"class_list":["post-526","page","type-page","status-publish","hentry"],"acf":[],"yoast_head":"<!-- This site is optimized with the Yoast SEO plugin v28.0 - https:\/\/yoast.com\/product\/yoast-seo-wordpress\/ -->\n<title>Regolamento - Trek&#039;n&#039;Tales<\/title>\n<meta name=\"description\" content=\"Regolamento\" \/>\n<meta name=\"robots\" content=\"index, follow, max-snippet:-1, max-image-preview:large, max-video-preview:-1\" \/>\n<link rel=\"canonical\" href=\"https:\/\/www.trekntales.eu\/index.php\/regolamento\/\" \/>\n<meta property=\"og:locale\" content=\"it_IT\" \/>\n<meta property=\"og:type\" content=\"article\" \/>\n<meta property=\"og:title\" content=\"Regolamento - Trek&#039;n&#039;Tales\" \/>\n<meta property=\"og:description\" content=\"Regolamento\" \/>\n<meta property=\"og:url\" content=\"https:\/\/www.trekntales.eu\/index.php\/regolamento\/\" \/>\n<meta property=\"og:site_name\" content=\"Trek&#039;n&#039;Tales\" \/>\n<meta property=\"article:modified_time\" content=\"2026-03-26T17:33:16+00:00\" \/>\n<meta property=\"og:image\" content=\"https:\/\/www.trekntales.eu\/wp-content\/uploads\/2025\/06\/mares-2.jpg\" \/>\n\t<meta property=\"og:image:width\" content=\"800\" \/>\n\t<meta property=\"og:image:height\" content=\"800\" \/>\n\t<meta property=\"og:image:type\" content=\"image\/jpeg\" \/>\n<meta name=\"twitter:card\" content=\"summary_large_image\" \/>\n<meta name=\"twitter:label1\" content=\"Tempo di lettura stimato\" \/>\n\t<meta name=\"twitter:data1\" content=\"6 minuti\" \/>\n<script type=\"application\/ld+json\" class=\"yoast-schema-graph\">{\"@context\":\"https:\\\/\\\/schema.org\",\"@graph\":[{\"@type\":\"WebPage\",\"@id\":\"https:\\\/\\\/www.trekntales.eu\\\/index.php\\\/regolamento\\\/\",\"url\":\"https:\\\/\\\/www.trekntales.eu\\\/index.php\\\/regolamento\\\/\",\"name\":\"Regolamento - Trek&#039;n&#039;Tales\",\"isPartOf\":{\"@id\":\"https:\\\/\\\/www.trekntales.eu\\\/#website\"},\"datePublished\":\"2026-02-04T09:57:11+00:00\",\"dateModified\":\"2026-03-26T17:33:16+00:00\",\"description\":\"Regolamento\",\"breadcrumb\":{\"@id\":\"https:\\\/\\\/www.trekntales.eu\\\/index.php\\\/regolamento\\\/#breadcrumb\"},\"inLanguage\":\"it-IT\",\"potentialAction\":[{\"@type\":\"ReadAction\",\"target\":[\"https:\\\/\\\/www.trekntales.eu\\\/index.php\\\/regolamento\\\/\"]}]},{\"@type\":\"BreadcrumbList\",\"@id\":\"https:\\\/\\\/www.trekntales.eu\\\/index.php\\\/regolamento\\\/#breadcrumb\",\"itemListElement\":[{\"@type\":\"ListItem\",\"position\":1,\"name\":\"Home\",\"item\":\"https:\\\/\\\/www.trekntales.eu\\\/\"},{\"@type\":\"ListItem\",\"position\":2,\"name\":\"Regolamento\"}]},{\"@type\":\"WebSite\",\"@id\":\"https:\\\/\\\/www.trekntales.eu\\\/#website\",\"url\":\"https:\\\/\\\/www.trekntales.eu\\\/\",\"name\":\"Trek'n'Tales\",\"description\":\"alla (ri)scoperta di ci\u00f2 che ci circonda\",\"publisher\":{\"@id\":\"https:\\\/\\\/www.trekntales.eu\\\/#\\\/schema\\\/person\\\/4ea1537b9e20b60327f2d559322ff45c\"},\"potentialAction\":[{\"@type\":\"SearchAction\",\"target\":{\"@type\":\"EntryPoint\",\"urlTemplate\":\"https:\\\/\\\/www.trekntales.eu\\\/?s={search_term_string}\"},\"query-input\":{\"@type\":\"PropertyValueSpecification\",\"valueRequired\":true,\"valueName\":\"search_term_string\"}}],\"inLanguage\":\"it-IT\"},{\"@type\":[\"Person\",\"Organization\"],\"@id\":\"https:\\\/\\\/www.trekntales.eu\\\/#\\\/schema\\\/person\\\/4ea1537b9e20b60327f2d559322ff45c\",\"name\":\"Barbara\",\"image\":{\"@type\":\"ImageObject\",\"inLanguage\":\"it-IT\",\"@id\":\"https:\\\/\\\/www.trekntales.eu\\\/wp-content\\\/uploads\\\/2025\\\/06\\\/Logo-GAE-albero-2.png\",\"url\":\"https:\\\/\\\/www.trekntales.eu\\\/wp-content\\\/uploads\\\/2025\\\/06\\\/Logo-GAE-albero-2.png\",\"contentUrl\":\"https:\\\/\\\/www.trekntales.eu\\\/wp-content\\\/uploads\\\/2025\\\/06\\\/Logo-GAE-albero-2.png\",\"width\":500,\"height\":500,\"caption\":\"Barbara\"},\"logo\":{\"@id\":\"https:\\\/\\\/www.trekntales.eu\\\/wp-content\\\/uploads\\\/2025\\\/06\\\/Logo-GAE-albero-2.png\"},\"description\":\"Le mie passioni per le scienze naturali e la storia si fondono in Trek\u2019n\u2019Tales per creare esperienze di turismo lento, escursioni giornaliere e cammini in pi\u00f9 tappe, alla scoperta dei sentieri e dei racconti meno conosciuti del territorio. Credo che camminare sia la forma pi\u00f9 autentica per esplorare un territorio. Che siate camminatori esperti o alle prime armi, in solitaria, in gruppo o in famiglia, possiamo trasformare insieme un'idea in un'avventura itinerante. Il mio obiettivo \u00e8 farvi scoprire le storie del territorio e apprezzare il semplice piacere di camminare con calma, assaporando ogni passo.\",\"sameAs\":[\"https:\\\/\\\/www.trekntales.eu\",\"https:\\\/\\\/www.instagram.com\\\/trek.n.tales?utm_source=ig_web_button_share_sheet&igsh=ZDNlZDc0MzIxNw==\"]}]}<\/script>\n<!-- \/ Yoast SEO plugin. -->","yoast_head_json":{"title":"Regolamento - Trek&#039;n&#039;Tales","description":"Regolamento","robots":{"index":"index","follow":"follow","max-snippet":"max-snippet:-1","max-image-preview":"max-image-preview:large","max-video-preview":"max-video-preview:-1"},"canonical":"https:\/\/www.trekntales.eu\/index.php\/regolamento\/","og_locale":"it_IT","og_type":"article","og_title":"Regolamento - Trek&#039;n&#039;Tales","og_description":"Regolamento","og_url":"https:\/\/www.trekntales.eu\/index.php\/regolamento\/","og_site_name":"Trek&#039;n&#039;Tales","article_modified_time":"2026-03-26T17:33:16+00:00","og_image":[{"width":800,"height":800,"url":"https:\/\/www.trekntales.eu\/wp-content\/uploads\/2025\/06\/mares-2.jpg","type":"image\/jpeg"}],"twitter_card":"summary_large_image","twitter_misc":{"Tempo di lettura stimato":"6 minuti"},"schema":{"@context":"https:\/\/schema.org","@graph":[{"@type":"WebPage","@id":"https:\/\/www.trekntales.eu\/index.php\/regolamento\/","url":"https:\/\/www.trekntales.eu\/index.php\/regolamento\/","name":"Regolamento - Trek&#039;n&#039;Tales","isPartOf":{"@id":"https:\/\/www.trekntales.eu\/#website"},"datePublished":"2026-02-04T09:57:11+00:00","dateModified":"2026-03-26T17:33:16+00:00","description":"Regolamento","breadcrumb":{"@id":"https:\/\/www.trekntales.eu\/index.php\/regolamento\/#breadcrumb"},"inLanguage":"it-IT","potentialAction":[{"@type":"ReadAction","target":["https:\/\/www.trekntales.eu\/index.php\/regolamento\/"]}]},{"@type":"BreadcrumbList","@id":"https:\/\/www.trekntales.eu\/index.php\/regolamento\/#breadcrumb","itemListElement":[{"@type":"ListItem","position":1,"name":"Home","item":"https:\/\/www.trekntales.eu\/"},{"@type":"ListItem","position":2,"name":"Regolamento"}]},{"@type":"WebSite","@id":"https:\/\/www.trekntales.eu\/#website","url":"https:\/\/www.trekntales.eu\/","name":"Trek'n'Tales","description":"alla (ri)scoperta di ci\u00f2 che ci circonda","publisher":{"@id":"https:\/\/www.trekntales.eu\/#\/schema\/person\/4ea1537b9e20b60327f2d559322ff45c"},"potentialAction":[{"@type":"SearchAction","target":{"@type":"EntryPoint","urlTemplate":"https:\/\/www.trekntales.eu\/?s={search_term_string}"},"query-input":{"@type":"PropertyValueSpecification","valueRequired":true,"valueName":"search_term_string"}}],"inLanguage":"it-IT"},{"@type":["Person","Organization"],"@id":"https:\/\/www.trekntales.eu\/#\/schema\/person\/4ea1537b9e20b60327f2d559322ff45c","name":"Barbara","image":{"@type":"ImageObject","inLanguage":"it-IT","@id":"https:\/\/www.trekntales.eu\/wp-content\/uploads\/2025\/06\/Logo-GAE-albero-2.png","url":"https:\/\/www.trekntales.eu\/wp-content\/uploads\/2025\/06\/Logo-GAE-albero-2.png","contentUrl":"https:\/\/www.trekntales.eu\/wp-content\/uploads\/2025\/06\/Logo-GAE-albero-2.png","width":500,"height":500,"caption":"Barbara"},"logo":{"@id":"https:\/\/www.trekntales.eu\/wp-content\/uploads\/2025\/06\/Logo-GAE-albero-2.png"},"description":"Le mie passioni per le scienze naturali e la storia si fondono in Trek\u2019n\u2019Tales per creare esperienze di turismo lento, escursioni giornaliere e cammini in pi\u00f9 tappe, alla scoperta dei sentieri e dei racconti meno conosciuti del territorio. Credo che camminare sia la forma pi\u00f9 autentica per esplorare un territorio. Che siate camminatori esperti o alle prime armi, in solitaria, in gruppo o in famiglia, possiamo trasformare insieme un'idea in un'avventura itinerante. Il mio obiettivo \u00e8 farvi scoprire le storie del territorio e apprezzare il semplice piacere di camminare con calma, assaporando ogni passo.","sameAs":["https:\/\/www.trekntales.eu","https:\/\/www.instagram.com\/trek.n.tales?utm_source=ig_web_button_share_sheet&igsh=ZDNlZDc0MzIxNw=="]}]}},"_links":{"self":[{"href":"https:\/\/www.trekntales.eu\/index.php\/wp-json\/wp\/v2\/pages\/526","targetHints":{"allow":["GET"]}}],"collection":[{"href":"https:\/\/www.trekntales.eu\/index.php\/wp-json\/wp\/v2\/pages"}],"about":[{"href":"https:\/\/www.trekntales.eu\/index.php\/wp-json\/wp\/v2\/types\/page"}],"author":[{"embeddable":true,"href":"https:\/\/www.trekntales.eu\/index.php\/wp-json\/wp\/v2\/users\/1"}],"replies":[{"embeddable":true,"href":"https:\/\/www.trekntales.eu\/index.php\/wp-json\/wp\/v2\/comments?post=526"}],"version-history":[{"count":2,"href":"https:\/\/www.trekntales.eu\/index.php\/wp-json\/wp\/v2\/pages\/526\/revisions"}],"predecessor-version":[{"id":564,"href":"https:\/\/www.trekntales.eu\/index.php\/wp-json\/wp\/v2\/pages\/526\/revisions\/564"}],"wp:attachment":[{"href":"https:\/\/www.trekntales.eu\/index.php\/wp-json\/wp\/v2\/media?parent=526"}],"curies":[{"name":"wp","href":"https:\/\/api.w.org\/{rel}","templated":true}]}}