{"id":509,"date":"2026-02-03T14:47:05","date_gmt":"2026-02-03T13:47:05","guid":{"rendered":"https:\/\/www.trekntales.eu\/?page_id=509"},"modified":"2026-07-10T14:25:27","modified_gmt":"2026-07-10T12:25:27","slug":"in-cammino-al-sacro-monte","status":"publish","type":"page","link":"https:\/\/www.trekntales.eu\/index.php\/in-cammino-al-sacro-monte\/","title":{"rendered":"In cammino al Sacro Monte"},"content":{"rendered":"\n<p class=\"wp-block-paragraph\">Ti portiamo in un luogo speciale, dove la natura e la fede si sono intrecciati per secoli&nbsp;in un percorso che \u00e8 al tempo stesso un pellegrinaggio nella storia e un&#8217;immersione in una montagna dal cuore sacro.<br>Sulla&nbsp;vetta&nbsp;ci attende&nbsp;la vista&nbsp;panoramica&nbsp;su&nbsp;pianura&nbsp;e colline che si perde all&#8217;orizzonte, un balcone naturale che sembra sospeso tra terra e cielo.<br>Nelle vicinanze un&nbsp;percorso sacro&nbsp;si snoda&nbsp;tra cappelle silenziose e affrescate.<br>Ti accompagneremo raccontandoti i segreti di questa terra: come \u00e8 nata, perch\u00e9 \u00e8 diventata un luogo di pellegrinaggio, e quali storie custodiscono le sue pietre e i suoi boschi.<\/p>\n\n\n\n<p class=\"wp-block-paragraph\">E\u2019&nbsp;consigliato un abbigliamento adeguato alla stagione, scarpe con suola non liscia, un\u2019adeguata scorta d\u2019acqua e, se lo si desidera, uno snack. In caso l\u2019escursione sia di durata giornaliera il pranzo al sacco si intende a cura del partecipante.<\/p>\n\n\n\n<p class=\"wp-block-paragraph\">Lunghezza del percorso:&nbsp;<strong>7 km<\/strong><br>Livello di difficolt\u00e0:&nbsp;<strong>medio<\/strong><\/p>\n\n\n\n<p class=\"wp-block-paragraph\"><strong>L\u2019escursione \u00e8 a tema \u201cWalk in Progress\u201d<\/strong>: Un percorso dove ogni passo \u00e8 una scoperta e ogni sguardo un&#8217;emozione, per condividere insieme la magia di un luogo dove la montagna parla all&#8217;anima.<\/p>\n\n\n\n<p class=\"wp-block-paragraph\"><strong>L\u2019orario indicato nel form di iscrizione \u00e8 quello di inizio escursione.<br>Verr\u00e0 comunicato il luogo preciso di ritrovo il giorno precedente l\u2019evento<\/strong><br><strong>Numero minimo: 2 partecipanti<\/strong><\/p>\n\n\n\n<p class=\"wp-block-paragraph\">Le iscrizioni chiudono il <strong>mercoled\u00ec<\/strong><\/p>\n\n\n\n<p class=\"wp-block-paragraph\">Per maggiori informazioni: WhatsApp 340-6329513 o mail: <a href=\"mailto:info@trekntales.eu\"><strong>info@trekntales.eu<\/strong><\/a><\/p>\n\n\n<style id=\"wpforms-css-vars-392-block-e5765976-50af-40d3-9121-4464daef233f\">\n\t\t\t\t#wpforms-392.wpforms-block-e5765976-50af-40d3-9121-4464daef233f {\n\t\t\t\t--wpforms-field-size-input-height: 43px;\n--wpforms-field-size-input-spacing: 15px;\n--wpforms-field-size-font-size: 16px;\n--wpforms-field-size-line-height: 19px;\n--wpforms-field-size-padding-h: 14px;\n--wpforms-field-size-checkbox-size: 16px;\n--wpforms-field-size-sublabel-spacing: 5px;\n--wpforms-field-size-icon-size: 1;\n--wpforms-label-size-font-size: 16px;\n--wpforms-label-size-line-height: 19px;\n--wpforms-label-size-sublabel-font-size: 14px;\n--wpforms-label-size-sublabel-line-height: 17px;\n--wpforms-button-size-font-size: 17px;\n--wpforms-button-size-height: 41px;\n--wpforms-button-size-padding-h: 15px;\n--wpforms-button-size-margin-top: 10px;\n\t\t\t}\n\t\t\t<\/style><div class=\"wpforms-container wpforms-container-full wpforms-block wpforms-block-e5765976-50af-40d3-9121-4464daef233f wpforms-render-modern\" id=\"wpforms-392\"><form id=\"wpforms-form-392\" class=\"wpforms-validate wpforms-form wpforms-ajax-form\" data-formid=\"392\" method=\"post\" enctype=\"multipart\/form-data\" action=\"\/index.php\/wp-json\/wp\/v2\/pages\/509\" data-token=\"665a912810343222b9cea66570d35c71\" data-token-time=\"1788413479\"><noscript class=\"wpforms-error-noscript\">Abilita JavaScript nel browser per completare questo modulo.<\/noscript><div id=\"wpforms-error-noscript\" style=\"display: none;\">Abilita JavaScript nel browser per completare questo modulo.<\/div><div class=\"wpforms-field-container\"><div id=\"wpforms-392-field_30-container\" class=\"wpforms-field wpforms-field-select wpforms-field-select-style-classic\" data-field-id=\"30\"><label class=\"wpforms-field-label\" for=\"wpforms-392-field_30\">Scelta dell&#039;evento <span class=\"wpforms-required-label\" aria-hidden=\"true\">*<\/span><\/label><select id=\"wpforms-392-field_30\" class=\"wpforms-field-medium wpforms-field-required\" name=\"wpforms[fields][30]\" required=\"required\"><option value=\"\" class=\"placeholder\" disabled  selected='selected'>&#8212; Seleziona una Scelta &#8212;<\/option><option value=\"10 agosto 2026 - h 18.30-23.00 - Walk In Progress - costo 30 euro\/persona\"  class=\"choice-3 depth-1\"  >10 agosto 2026 &#8211; h 18.30-23.00 &#8211; Walk In Progress &#8211; costo 30 euro\/persona<\/option><option value=\"12 settembre 2026 - h 10.30-16.00 - Walk In Progress - costo 46 euro\/persona\"  class=\"choice-6 depth-1\"  >12 settembre 2026 &#8211; h 10.30-16.00 &#8211; Walk In Progress &#8211; costo 46 euro\/persona<\/option><option value=\"25 ottobre 2026 - h 10.30-16.00 - Walk In Progress - costo 46 euro\/persona\"  class=\"choice-7 depth-1\"  >25 ottobre 2026 &#8211; h 10.30-16.00 &#8211; Walk In Progress &#8211; costo 46 euro\/persona<\/option><option value=\"21 novembre 2026 - h 10.30-16.00 - Walk In Progress - costo 46 euro\/persona\"  class=\"choice-8 depth-1\"  >21 novembre 2026 &#8211; h 10.30-16.00 &#8211; Walk In Progress &#8211; costo 46 euro\/persona<\/option><\/select><div id=\"wpforms-392-field_30-description\" class=\"wpforms-field-description\">scegliere l&#8217;evento a cui si desidera partecipare<\/div><\/div><div id=\"wpforms-392-field_31-container\" class=\"wpforms-field wpforms-field-text\" data-field-id=\"31\"><label class=\"wpforms-field-label\" for=\"wpforms-392-field_31\">Nome <span class=\"wpforms-required-label\" aria-hidden=\"true\">*<\/span><\/label><input type=\"text\" id=\"wpforms-392-field_31\" class=\"wpforms-field-medium wpforms-field-required\" name=\"wpforms[fields][31]\" aria-errormessage=\"wpforms-392-field_31-error\" aria-describedby=\"wpforms-392-field_31-description\" required><div id=\"wpforms-392-field_31-description\" class=\"wpforms-field-description\">chi effettua la prenotazione<\/div><\/div><div id=\"wpforms-392-field_32-container\" class=\"wpforms-field wpforms-field-number\" data-field-id=\"32\"><label class=\"wpforms-field-label\" for=\"wpforms-392-field_32\">Numero di telefono <span class=\"wpforms-required-label\" aria-hidden=\"true\">*<\/span><\/label><input type=\"number\" id=\"wpforms-392-field_32\" class=\"wpforms-field-medium wpforms-field-required\" name=\"wpforms[fields][32]\" step=\"any\" aria-errormessage=\"wpforms-392-field_32-error\" required><\/div><div id=\"wpforms-392-field_6-container\" class=\"wpforms-field wpforms-field-email\" data-field-id=\"6\"><label class=\"wpforms-field-label\" for=\"wpforms-392-field_6\">Email <span class=\"wpforms-required-label\" aria-hidden=\"true\">*<\/span><\/label><input type=\"email\" id=\"wpforms-392-field_6\" class=\"wpforms-field-medium wpforms-field-required\" name=\"wpforms[fields][6]\" spellcheck=\"false\" aria-errormessage=\"wpforms-392-field_6-error\" required><\/div>\t\t<div id=\"wpforms-392-field_1-container\"\n\t\t\tclass=\"wpforms-field wpforms-field-text\"\n\t\t\tdata-field-type=\"text\"\n\t\t\tdata-field-id=\"1\"\n\t\t\t>\n\t\t\t<label class=\"wpforms-field-label\" for=\"wpforms-392-field_1\" >letto) Note Numero<\/label>\n\t\t\t<input type=\"text\" id=\"wpforms-392-field_1\" class=\"wpforms-field-medium\" name=\"wpforms[fields][1]\" >\n\t\t<\/div>\n\t\t<div id=\"wpforms-392-field_33-container\" class=\"wpforms-field wpforms-field-text\" data-field-id=\"33\"><label class=\"wpforms-field-label\" for=\"wpforms-392-field_33\">Indirizzo <span class=\"wpforms-required-label\" aria-hidden=\"true\">*<\/span><\/label><input type=\"text\" id=\"wpforms-392-field_33\" class=\"wpforms-field-medium wpforms-field-required\" name=\"wpforms[fields][33]\" aria-errormessage=\"wpforms-392-field_33-error\" aria-describedby=\"wpforms-392-field_33-description\" required><div id=\"wpforms-392-field_33-description\" class=\"wpforms-field-description\">per il rilascio di regolare ricevuta<\/div><\/div><div id=\"wpforms-392-field_9-container\" class=\"wpforms-field wpforms-field-text\" data-field-id=\"9\"><label class=\"wpforms-field-label\" for=\"wpforms-392-field_9\">Codice fiscale <span class=\"wpforms-required-label\" aria-hidden=\"true\">*<\/span><\/label><input type=\"text\" id=\"wpforms-392-field_9\" class=\"wpforms-field-medium wpforms-field-required\" name=\"wpforms[fields][9]\" aria-errormessage=\"wpforms-392-field_9-error\" aria-describedby=\"wpforms-392-field_9-description\" required><div id=\"wpforms-392-field_9-description\" class=\"wpforms-field-description\">per il rilascio di regolare ricevuta<\/div><\/div><div id=\"wpforms-392-field_8-container\" class=\"wpforms-field wpforms-field-text\" data-field-id=\"8\"><label class=\"wpforms-field-label\" for=\"wpforms-392-field_8\">Numero di partecipanti <span class=\"wpforms-required-label\" aria-hidden=\"true\">*<\/span><\/label><input type=\"text\" id=\"wpforms-392-field_8\" class=\"wpforms-field-medium wpforms-field-required\" name=\"wpforms[fields][8]\" aria-errormessage=\"wpforms-392-field_8-error\" aria-describedby=\"wpforms-392-field_8-description\" required><div id=\"wpforms-392-field_8-description\" class=\"wpforms-field-description\">in quanti sarete?<\/div><\/div><div id=\"wpforms-392-field_21-container\" class=\"wpforms-field wpforms-field-select wpforms-field-select-style-classic\" data-field-id=\"21\"><label class=\"wpforms-field-label\" for=\"wpforms-392-field_21\">Come preferisci effettuare il pagamento <span class=\"wpforms-required-label\" aria-hidden=\"true\">*<\/span><\/label><select id=\"wpforms-392-field_21\" class=\"wpforms-field-medium wpforms-field-required\" name=\"wpforms[fields][21]\" required=\"required\"><option value=\"\" class=\"placeholder\" disabled  selected='selected'>&#8212; Seleziona una Scelta &#8212;<\/option><option value=\"Satispay\"  class=\"choice-1 depth-1\"  >Satispay<\/option><option value=\"Contanti\"  class=\"choice-2 depth-1\"  >Contanti<\/option><\/select><div id=\"wpforms-392-field_21-description\" class=\"wpforms-field-description\">Nella sezione &#8220;Regolamento&#8221; sono elencati i termini e le condizioni riguardanti pagamenti e rimborsi.\nEntro pochi giorni dall&#8217;escursione verr\u00e0 inviata la ricevuta di pagamento.<\/div><\/div><div id=\"wpforms-392-field_15-container\" class=\"wpforms-field wpforms-field-checkbox\" data-field-id=\"15\"><fieldset><legend class=\"wpforms-field-label wpforms-label-hide\" aria-hidden=\"false\">Caselle di Spunta <span class=\"wpforms-required-label\" aria-hidden=\"true\">*<\/span><\/legend><ul id=\"wpforms-392-field_15\" class=\"wpforms-field-required\"><li class=\"choice-1 depth-1\"><input type=\"checkbox\" id=\"wpforms-392-field_15_1\" name=\"wpforms[fields][15][]\" value=\"Dichiaro di essere in salute e in buona forma fisica\" aria-errormessage=\"wpforms-392-field_15_1-error\" required ><label class=\"wpforms-field-label-inline\" for=\"wpforms-392-field_15_1\">Dichiaro di essere in salute e in buona forma fisica<\/label><\/li><\/ul><\/fieldset><\/div><div id=\"wpforms-392-field_16-container\" class=\"wpforms-field wpforms-field-checkbox\" data-field-id=\"16\"><fieldset><legend class=\"wpforms-field-label wpforms-label-hide\" aria-hidden=\"false\">Caselle di Spunta (copia) <span class=\"wpforms-required-label\" aria-hidden=\"true\">*<\/span><\/legend><ul id=\"wpforms-392-field_16\" class=\"wpforms-field-required\"><li class=\"choice-1 depth-1\"><input type=\"checkbox\" id=\"wpforms-392-field_16_1\" name=\"wpforms[fields][16][]\" value=\"Dichiaro di aver consultato i dati tecnici dell&#039;escursione\" aria-errormessage=\"wpforms-392-field_16_1-error\" required ><label class=\"wpforms-field-label-inline\" for=\"wpforms-392-field_16_1\">Dichiaro di aver consultato i dati tecnici dell&#8217;escursione<\/label><\/li><\/ul><\/fieldset><\/div><div id=\"wpforms-392-field_17-container\" class=\"wpforms-field wpforms-field-checkbox\" data-field-id=\"17\"><fieldset><legend class=\"wpforms-field-label wpforms-label-hide\" aria-hidden=\"false\">Caselle di Spunta (copia) (copia) <span class=\"wpforms-required-label\" aria-hidden=\"true\">*<\/span><\/legend><ul id=\"wpforms-392-field_17\" class=\"wpforms-field-required\"><li class=\"choice-1 depth-1\"><input type=\"checkbox\" id=\"wpforms-392-field_17_1\" name=\"wpforms[fields][17][]\" value=\"Dichiaro di aver letto e accettato il &quot;Regolamento&quot;\" aria-errormessage=\"wpforms-392-field_17_1-error\" required ><label class=\"wpforms-field-label-inline\" for=\"wpforms-392-field_17_1\">Dichiaro di aver letto e accettato il &#8220;Regolamento&#8221;<\/label><\/li><\/ul><\/fieldset><\/div><div id=\"wpforms-392-field_29-container\" class=\"wpforms-field wpforms-field-checkbox\" data-field-id=\"29\"><fieldset><legend class=\"wpforms-field-label wpforms-label-hide\" aria-hidden=\"false\">Note importanti (spuntare dopo aver letto) <span class=\"wpforms-required-label\" aria-hidden=\"true\">*<\/span><\/legend><ul id=\"wpforms-392-field_29\" class=\"wpforms-field-required\"><li class=\"choice-1 depth-1\"><input type=\"checkbox\" id=\"wpforms-392-field_29_1\" name=\"wpforms[fields][29][]\" value=\"L\u2019organizzazione si riserva la facolt\u00e0 di cancellare o rimandare l\u2019escursione per maltempo, condizioni di sicurezza avverse o mancato raggiungimento del numero minimo di partecipanti (ove previsto). Si raccomanda un abbigliamento adeguato alla stagione e alle previsioni meteorologiche. \u00c8 necessario portare con s\u00e9 una scorta d\u2019acqua, non essendo sempre presenti o funzionanti i punti di approvvigionamento alla partenza o lungo il percorso.\" aria-errormessage=\"wpforms-392-field_29_1-error\" required ><label class=\"wpforms-field-label-inline\" for=\"wpforms-392-field_29_1\">L\u2019organizzazione si riserva la facolt\u00e0 di cancellare o rimandare l\u2019escursione per maltempo, condizioni di sicurezza avverse o mancato raggiungimento del numero minimo di partecipanti (ove previsto). Si raccomanda un abbigliamento adeguato alla stagione e alle previsioni meteorologiche. \u00c8 necessario portare con s\u00e9 una scorta d\u2019acqua, non essendo sempre presenti o funzionanti i punti di approvvigionamento alla partenza o lungo il percorso.<\/label><\/li><\/ul><\/fieldset><\/div><div id=\"wpforms-392-field_36-container\" class=\"wpforms-field wpforms-field-checkbox\" data-field-id=\"36\"><fieldset><legend class=\"wpforms-field-label wpforms-label-hide\" aria-hidden=\"false\">Note importanti (spuntare dopo aver letto) (copia) <span class=\"wpforms-required-label\" aria-hidden=\"true\">*<\/span><\/legend><ul id=\"wpforms-392-field_36\" class=\"wpforms-field-required\"><li class=\"choice-1 depth-1\"><input type=\"checkbox\" id=\"wpforms-392-field_36_1\" name=\"wpforms[fields][36][]\" value=\"ACCONSENTO al trattamento dei dati personali, secondo l\u2019informativa (art.13 D.lgs 196\/2003 e art. 13 GDPR 679\/2016)\" aria-errormessage=\"wpforms-392-field_36_1-error\" required ><label class=\"wpforms-field-label-inline\" for=\"wpforms-392-field_36_1\">ACCONSENTO al trattamento dei dati personali, secondo l\u2019informativa (art.13 D.lgs 196\/2003 e art. 13 GDPR 679\/2016)<\/label><\/li><\/ul><\/fieldset><\/div><div id=\"wpforms-392-field_37-container\" class=\"wpforms-field wpforms-field-checkbox\" data-field-id=\"37\"><fieldset><legend class=\"wpforms-field-label wpforms-label-hide\" aria-hidden=\"false\">Note importanti (spuntare dopo aver letto) (copia) (copia) <span class=\"wpforms-required-label\" aria-hidden=\"true\">*<\/span><\/legend><ul id=\"wpforms-392-field_37\" class=\"wpforms-field-required\"><li class=\"choice-1 depth-1\"><input type=\"checkbox\" id=\"wpforms-392-field_37_1\" name=\"wpforms[fields][37][]\" value=\"AUTORIZZO a titolo gratuito e senza limiti di tempo, anche ai sensi degli artt.10 e 320 cod.civ. e degli artt. 96 e 97 legge 22.4.1941, n.633 (Legge sul diritto d\u2019autore) la realizzazione, la conservazione negli archivi e la pubblicazione per esclusive finalit\u00e0 di informazione e divulgazione professionale (sito web, social media) di materiale audio, video o fotografico che mi ritrae. Con la presente autorizzazione si esclude in modo espresso e tassativo: qualsiasi utilizzo a fini commerciali o di lucro (es. pubblicit\u00e0 a pagamento, vendita del materiale) e la cessione del materiale a terzi (agenzie, banche immagini, altri professionisti). Durante le escursioni, le foto e i video saranno realizzati, per quanto possibile, privilegiando la ripresa non diretta dei volti  Per &quot;finalit\u00e0 di informazione e divulgazione professionale&quot; si intendono: la documentazione delle attivit\u00e0 professionali e la condivisione a scopo dimostrativo delle stesse.\" aria-errormessage=\"wpforms-392-field_37_1-error\" required ><label class=\"wpforms-field-label-inline\" for=\"wpforms-392-field_37_1\">AUTORIZZO a titolo gratuito e senza limiti di tempo, anche ai sensi degli artt.10 e 320 cod.civ. e degli artt. 96 e 97 legge 22.4.1941, n.633 (Legge sul diritto d\u2019autore) la realizzazione, la conservazione negli archivi e la pubblicazione per esclusive finalit\u00e0 di informazione e divulgazione professionale (sito web, social media) di materiale audio, video o fotografico che mi ritrae. Con la presente autorizzazione si esclude in modo espresso e tassativo: qualsiasi utilizzo a fini commerciali o di lucro (es. pubblicit\u00e0 a pagamento, vendita del materiale) e la cessione del materiale a terzi (agenzie, banche immagini, altri professionisti). Durante le escursioni, le foto e i video saranno realizzati, per quanto possibile, privilegiando la ripresa non diretta dei volti  Per &#8220;finalit\u00e0 di informazione e divulgazione professionale&#8221; si intendono: la documentazione delle attivit\u00e0 professionali e la condivisione a scopo dimostrativo delle stesse.<\/label><\/li><\/ul><\/fieldset><\/div><script>\n\t\t\t\t( function() {\n\t\t\t\t\tconst style = document.createElement( 'style' );\n\t\t\t\t\tstyle.appendChild( document.createTextNode( '#wpforms-392-field_1-container { position: absolute !important; overflow: hidden !important; display: inline !important; height: 1px !important; width: 1px !important; z-index: -1000 !important; padding: 0 !important; } #wpforms-392-field_1-container input { visibility: hidden; } #wpforms-conversational-form-page #wpforms-392-field_1-container label { counter-increment: none; }' ) );\n\t\t\t\t\tdocument.head.appendChild( style );\n\t\t\t\t\tdocument.currentScript?.remove();\n\t\t\t\t} )();\n\t\t\t<\/script><\/div><!-- .wpforms-field-container --><div class=\"wpforms-submit-container\" ><input type=\"hidden\" name=\"wpforms[id]\" value=\"392\"><input type=\"hidden\" name=\"page_title\" value=\"\"><input type=\"hidden\" name=\"page_url\" value=\"https:\/\/www.trekntales.eu\/index.php\/wp-json\/wp\/v2\/pages\/509\"><input type=\"hidden\" name=\"url_referer\" value=\"\"><button type=\"submit\" name=\"wpforms[submit]\" id=\"wpforms-submit-392\" class=\"wpforms-submit\" data-alt-text=\"Invio in corso...\" data-submit-text=\"Invia\" aria-live=\"assertive\" value=\"wpforms-submit\">Invia<\/button><img loading=\"lazy\" decoding=\"async\" src=\"https:\/\/www.trekntales.eu\/wp-content\/plugins\/wpforms-lite\/assets\/images\/submit-spin.svg\" class=\"wpforms-submit-spinner\" style=\"display: none;\" width=\"26\" height=\"26\" alt=\"Caricamento\"><\/div><\/form><\/div>  <!-- .wpforms-container -->","protected":false},"excerpt":{"rendered":"<p>Ti portiamo in un luogo speciale, dove la natura e la fede si sono intrecciati per secoli&nbsp;in un percorso che \u00e8 al tempo stesso un pellegrinaggio nella storia e un&#8217;immersione [&hellip;]<\/p>\n","protected":false},"author":1,"featured_media":331,"parent":0,"menu_order":0,"comment_status":"closed","ping_status":"closed","template":"","meta":{"_acf_changed":false,"_EventAllDay":false,"_EventTimezone":"","_EventStartDate":"","_EventEndDate":"","_EventStartDateUTC":"","_EventEndDateUTC":"","_EventShowMap":false,"_EventShowMapLink":false,"_EventURL":"","_EventCost":"","_EventCostDescription":"","_EventCurrencySymbol":"","_EventCurrencyCode":"","_EventCurrencyPosition":"","_EventDateTimeSeparator":"","_EventTimeRangeSeparator":"","_EventOrganizerID":[],"_EventVenueID":[],"_OrganizerEmail":"","_OrganizerPhone":"","_OrganizerWebsite":"","_VenueAddress":"","_VenueCity":"","_VenueCountry":"","_VenueProvince":"","_VenueState":"","_VenueZip":"","_VenuePhone":"","_VenueURL":"","_VenueStateProvince":"","_VenueLat":"","_VenueLng":"","_VenueShowMap":false,"_VenueShowMapLink":false,"footnotes":""},"class_list":["post-509","page","type-page","status-publish","has-post-thumbnail","hentry"],"acf":[],"yoast_head":"<!-- This site is optimized with the Yoast SEO plugin v28.0 - https:\/\/yoast.com\/product\/yoast-seo-wordpress\/ -->\n<title>In cammino al Sacro Monte - Trek&#039;n&#039;Tales<\/title>\n<meta name=\"description\" content=\"Vieni con noi in cammino al Sacro Monte dove si fondono fede, storia e geologia in un ambiente naturale unico.\" \/>\n<meta name=\"robots\" content=\"index, follow, max-snippet:-1, max-image-preview:large, max-video-preview:-1\" \/>\n<link rel=\"canonical\" href=\"https:\/\/www.trekntales.eu\/index.php\/in-cammino-al-sacro-monte\/\" \/>\n<meta property=\"og:locale\" content=\"it_IT\" \/>\n<meta property=\"og:type\" content=\"article\" \/>\n<meta property=\"og:title\" content=\"In cammino al Sacro Monte - Trek&#039;n&#039;Tales\" \/>\n<meta property=\"og:description\" content=\"Vieni con noi in cammino al Sacro Monte dove si fondono fede, storia e geologia in un ambiente naturale unico.\" \/>\n<meta property=\"og:url\" content=\"https:\/\/www.trekntales.eu\/index.php\/in-cammino-al-sacro-monte\/\" \/>\n<meta property=\"og:site_name\" content=\"Trek&#039;n&#039;Tales\" \/>\n<meta property=\"article:modified_time\" content=\"2026-07-10T12:25:27+00:00\" \/>\n<meta property=\"og:image\" content=\"https:\/\/www.trekntales.eu\/wp-content\/uploads\/2026\/02\/belmonte-via-dei-piloni.jpg\" \/>\n\t<meta property=\"og:image:width\" content=\"1067\" \/>\n\t<meta property=\"og:image:height\" content=\"800\" \/>\n\t<meta property=\"og:image:type\" content=\"image\/jpeg\" \/>\n<meta name=\"twitter:card\" content=\"summary_large_image\" \/>\n<meta name=\"twitter:label1\" content=\"Tempo di lettura stimato\" \/>\n\t<meta name=\"twitter:data1\" content=\"2 minuti\" \/>\n<script type=\"application\/ld+json\" class=\"yoast-schema-graph\">{\"@context\":\"https:\\\/\\\/schema.org\",\"@graph\":[{\"@type\":\"WebPage\",\"@id\":\"https:\\\/\\\/www.trekntales.eu\\\/index.php\\\/in-cammino-al-sacro-monte\\\/\",\"url\":\"https:\\\/\\\/www.trekntales.eu\\\/index.php\\\/in-cammino-al-sacro-monte\\\/\",\"name\":\"In cammino al Sacro Monte - Trek&#039;n&#039;Tales\",\"isPartOf\":{\"@id\":\"https:\\\/\\\/www.trekntales.eu\\\/#website\"},\"primaryImageOfPage\":{\"@id\":\"https:\\\/\\\/www.trekntales.eu\\\/index.php\\\/in-cammino-al-sacro-monte\\\/#primaryimage\"},\"image\":{\"@id\":\"https:\\\/\\\/www.trekntales.eu\\\/index.php\\\/in-cammino-al-sacro-monte\\\/#primaryimage\"},\"thumbnailUrl\":\"https:\\\/\\\/www.trekntales.eu\\\/wp-content\\\/uploads\\\/2026\\\/02\\\/belmonte-via-dei-piloni.jpg\",\"datePublished\":\"2026-02-03T13:47:05+00:00\",\"dateModified\":\"2026-07-10T12:25:27+00:00\",\"description\":\"Vieni con noi in cammino al Sacro Monte dove si fondono fede, storia e geologia in un ambiente naturale unico.\",\"breadcrumb\":{\"@id\":\"https:\\\/\\\/www.trekntales.eu\\\/index.php\\\/in-cammino-al-sacro-monte\\\/#breadcrumb\"},\"inLanguage\":\"it-IT\",\"potentialAction\":[{\"@type\":\"ReadAction\",\"target\":[\"https:\\\/\\\/www.trekntales.eu\\\/index.php\\\/in-cammino-al-sacro-monte\\\/\"]}]},{\"@type\":\"ImageObject\",\"inLanguage\":\"it-IT\",\"@id\":\"https:\\\/\\\/www.trekntales.eu\\\/index.php\\\/in-cammino-al-sacro-monte\\\/#primaryimage\",\"url\":\"https:\\\/\\\/www.trekntales.eu\\\/wp-content\\\/uploads\\\/2026\\\/02\\\/belmonte-via-dei-piloni.jpg\",\"contentUrl\":\"https:\\\/\\\/www.trekntales.eu\\\/wp-content\\\/uploads\\\/2026\\\/02\\\/belmonte-via-dei-piloni.jpg\",\"width\":1067,\"height\":800},{\"@type\":\"BreadcrumbList\",\"@id\":\"https:\\\/\\\/www.trekntales.eu\\\/index.php\\\/in-cammino-al-sacro-monte\\\/#breadcrumb\",\"itemListElement\":[{\"@type\":\"ListItem\",\"position\":1,\"name\":\"Home\",\"item\":\"https:\\\/\\\/www.trekntales.eu\\\/\"},{\"@type\":\"ListItem\",\"position\":2,\"name\":\"In cammino al Sacro Monte\"}]},{\"@type\":\"WebSite\",\"@id\":\"https:\\\/\\\/www.trekntales.eu\\\/#website\",\"url\":\"https:\\\/\\\/www.trekntales.eu\\\/\",\"name\":\"Trek'n'Tales\",\"description\":\"alla (ri)scoperta di ci\u00f2 che ci circonda\",\"publisher\":{\"@id\":\"https:\\\/\\\/www.trekntales.eu\\\/#\\\/schema\\\/person\\\/4ea1537b9e20b60327f2d559322ff45c\"},\"potentialAction\":[{\"@type\":\"SearchAction\",\"target\":{\"@type\":\"EntryPoint\",\"urlTemplate\":\"https:\\\/\\\/www.trekntales.eu\\\/?s={search_term_string}\"},\"query-input\":{\"@type\":\"PropertyValueSpecification\",\"valueRequired\":true,\"valueName\":\"search_term_string\"}}],\"inLanguage\":\"it-IT\"},{\"@type\":[\"Person\",\"Organization\"],\"@id\":\"https:\\\/\\\/www.trekntales.eu\\\/#\\\/schema\\\/person\\\/4ea1537b9e20b60327f2d559322ff45c\",\"name\":\"Barbara\",\"image\":{\"@type\":\"ImageObject\",\"inLanguage\":\"it-IT\",\"@id\":\"https:\\\/\\\/www.trekntales.eu\\\/wp-content\\\/uploads\\\/2025\\\/06\\\/Logo-GAE-albero-2.png\",\"url\":\"https:\\\/\\\/www.trekntales.eu\\\/wp-content\\\/uploads\\\/2025\\\/06\\\/Logo-GAE-albero-2.png\",\"contentUrl\":\"https:\\\/\\\/www.trekntales.eu\\\/wp-content\\\/uploads\\\/2025\\\/06\\\/Logo-GAE-albero-2.png\",\"width\":500,\"height\":500,\"caption\":\"Barbara\"},\"logo\":{\"@id\":\"https:\\\/\\\/www.trekntales.eu\\\/wp-content\\\/uploads\\\/2025\\\/06\\\/Logo-GAE-albero-2.png\"},\"description\":\"Le mie passioni per le scienze naturali e la storia si fondono in Trek\u2019n\u2019Tales per creare esperienze di turismo lento, escursioni giornaliere e cammini in pi\u00f9 tappe, alla scoperta dei sentieri e dei racconti meno conosciuti del territorio. Credo che camminare sia la forma pi\u00f9 autentica per esplorare un territorio. Che siate camminatori esperti o alle prime armi, in solitaria, in gruppo o in famiglia, possiamo trasformare insieme un'idea in un'avventura itinerante. Il mio obiettivo \u00e8 farvi scoprire le storie del territorio e apprezzare il semplice piacere di camminare con calma, assaporando ogni passo.\",\"sameAs\":[\"https:\\\/\\\/www.trekntales.eu\",\"https:\\\/\\\/www.instagram.com\\\/trek.n.tales?utm_source=ig_web_button_share_sheet&igsh=ZDNlZDc0MzIxNw==\"]}]}<\/script>\n<!-- \/ Yoast SEO plugin. -->","yoast_head_json":{"title":"In cammino al Sacro Monte - Trek&#039;n&#039;Tales","description":"Vieni con noi in cammino al Sacro Monte dove si fondono fede, storia e geologia in un ambiente naturale unico.","robots":{"index":"index","follow":"follow","max-snippet":"max-snippet:-1","max-image-preview":"max-image-preview:large","max-video-preview":"max-video-preview:-1"},"canonical":"https:\/\/www.trekntales.eu\/index.php\/in-cammino-al-sacro-monte\/","og_locale":"it_IT","og_type":"article","og_title":"In cammino al Sacro Monte - Trek&#039;n&#039;Tales","og_description":"Vieni con noi in cammino al Sacro Monte dove si fondono fede, storia e geologia in un ambiente naturale unico.","og_url":"https:\/\/www.trekntales.eu\/index.php\/in-cammino-al-sacro-monte\/","og_site_name":"Trek&#039;n&#039;Tales","article_modified_time":"2026-07-10T12:25:27+00:00","og_image":[{"width":1067,"height":800,"url":"https:\/\/www.trekntales.eu\/wp-content\/uploads\/2026\/02\/belmonte-via-dei-piloni.jpg","type":"image\/jpeg"}],"twitter_card":"summary_large_image","twitter_misc":{"Tempo di lettura stimato":"2 minuti"},"schema":{"@context":"https:\/\/schema.org","@graph":[{"@type":"WebPage","@id":"https:\/\/www.trekntales.eu\/index.php\/in-cammino-al-sacro-monte\/","url":"https:\/\/www.trekntales.eu\/index.php\/in-cammino-al-sacro-monte\/","name":"In cammino al Sacro Monte - Trek&#039;n&#039;Tales","isPartOf":{"@id":"https:\/\/www.trekntales.eu\/#website"},"primaryImageOfPage":{"@id":"https:\/\/www.trekntales.eu\/index.php\/in-cammino-al-sacro-monte\/#primaryimage"},"image":{"@id":"https:\/\/www.trekntales.eu\/index.php\/in-cammino-al-sacro-monte\/#primaryimage"},"thumbnailUrl":"https:\/\/www.trekntales.eu\/wp-content\/uploads\/2026\/02\/belmonte-via-dei-piloni.jpg","datePublished":"2026-02-03T13:47:05+00:00","dateModified":"2026-07-10T12:25:27+00:00","description":"Vieni con noi in cammino al Sacro Monte dove si fondono fede, storia e geologia in un ambiente naturale unico.","breadcrumb":{"@id":"https:\/\/www.trekntales.eu\/index.php\/in-cammino-al-sacro-monte\/#breadcrumb"},"inLanguage":"it-IT","potentialAction":[{"@type":"ReadAction","target":["https:\/\/www.trekntales.eu\/index.php\/in-cammino-al-sacro-monte\/"]}]},{"@type":"ImageObject","inLanguage":"it-IT","@id":"https:\/\/www.trekntales.eu\/index.php\/in-cammino-al-sacro-monte\/#primaryimage","url":"https:\/\/www.trekntales.eu\/wp-content\/uploads\/2026\/02\/belmonte-via-dei-piloni.jpg","contentUrl":"https:\/\/www.trekntales.eu\/wp-content\/uploads\/2026\/02\/belmonte-via-dei-piloni.jpg","width":1067,"height":800},{"@type":"BreadcrumbList","@id":"https:\/\/www.trekntales.eu\/index.php\/in-cammino-al-sacro-monte\/#breadcrumb","itemListElement":[{"@type":"ListItem","position":1,"name":"Home","item":"https:\/\/www.trekntales.eu\/"},{"@type":"ListItem","position":2,"name":"In cammino al Sacro Monte"}]},{"@type":"WebSite","@id":"https:\/\/www.trekntales.eu\/#website","url":"https:\/\/www.trekntales.eu\/","name":"Trek'n'Tales","description":"alla (ri)scoperta di ci\u00f2 che ci circonda","publisher":{"@id":"https:\/\/www.trekntales.eu\/#\/schema\/person\/4ea1537b9e20b60327f2d559322ff45c"},"potentialAction":[{"@type":"SearchAction","target":{"@type":"EntryPoint","urlTemplate":"https:\/\/www.trekntales.eu\/?s={search_term_string}"},"query-input":{"@type":"PropertyValueSpecification","valueRequired":true,"valueName":"search_term_string"}}],"inLanguage":"it-IT"},{"@type":["Person","Organization"],"@id":"https:\/\/www.trekntales.eu\/#\/schema\/person\/4ea1537b9e20b60327f2d559322ff45c","name":"Barbara","image":{"@type":"ImageObject","inLanguage":"it-IT","@id":"https:\/\/www.trekntales.eu\/wp-content\/uploads\/2025\/06\/Logo-GAE-albero-2.png","url":"https:\/\/www.trekntales.eu\/wp-content\/uploads\/2025\/06\/Logo-GAE-albero-2.png","contentUrl":"https:\/\/www.trekntales.eu\/wp-content\/uploads\/2025\/06\/Logo-GAE-albero-2.png","width":500,"height":500,"caption":"Barbara"},"logo":{"@id":"https:\/\/www.trekntales.eu\/wp-content\/uploads\/2025\/06\/Logo-GAE-albero-2.png"},"description":"Le mie passioni per le scienze naturali e la storia si fondono in Trek\u2019n\u2019Tales per creare esperienze di turismo lento, escursioni giornaliere e cammini in pi\u00f9 tappe, alla scoperta dei sentieri e dei racconti meno conosciuti del territorio. Credo che camminare sia la forma pi\u00f9 autentica per esplorare un territorio. Che siate camminatori esperti o alle prime armi, in solitaria, in gruppo o in famiglia, possiamo trasformare insieme un'idea in un'avventura itinerante. Il mio obiettivo \u00e8 farvi scoprire le storie del territorio e apprezzare il semplice piacere di camminare con calma, assaporando ogni passo.","sameAs":["https:\/\/www.trekntales.eu","https:\/\/www.instagram.com\/trek.n.tales?utm_source=ig_web_button_share_sheet&igsh=ZDNlZDc0MzIxNw=="]}]}},"_links":{"self":[{"href":"https:\/\/www.trekntales.eu\/index.php\/wp-json\/wp\/v2\/pages\/509","targetHints":{"allow":["GET"]}}],"collection":[{"href":"https:\/\/www.trekntales.eu\/index.php\/wp-json\/wp\/v2\/pages"}],"about":[{"href":"https:\/\/www.trekntales.eu\/index.php\/wp-json\/wp\/v2\/types\/page"}],"author":[{"embeddable":true,"href":"https:\/\/www.trekntales.eu\/index.php\/wp-json\/wp\/v2\/users\/1"}],"replies":[{"embeddable":true,"href":"https:\/\/www.trekntales.eu\/index.php\/wp-json\/wp\/v2\/comments?post=509"}],"version-history":[{"count":4,"href":"https:\/\/www.trekntales.eu\/index.php\/wp-json\/wp\/v2\/pages\/509\/revisions"}],"predecessor-version":[{"id":1531,"href":"https:\/\/www.trekntales.eu\/index.php\/wp-json\/wp\/v2\/pages\/509\/revisions\/1531"}],"wp:featuredmedia":[{"embeddable":true,"href":"https:\/\/www.trekntales.eu\/index.php\/wp-json\/wp\/v2\/media\/331"}],"wp:attachment":[{"href":"https:\/\/www.trekntales.eu\/index.php\/wp-json\/wp\/v2\/media?parent=509"}],"curies":[{"name":"wp","href":"https:\/\/api.w.org\/{rel}","templated":true}]}}