{"id":1429,"date":"2026-06-15T09:03:43","date_gmt":"2026-06-15T07:03:43","guid":{"rendered":"https:\/\/www.trekntales.eu\/?page_id=1429"},"modified":"2026-08-28T11:09:25","modified_gmt":"2026-08-28T09:09:25","slug":"cammini","status":"publish","type":"page","link":"https:\/\/www.trekntales.eu\/index.php\/cammini\/","title":{"rendered":"Viaggi lenti su Cammini"},"content":{"rendered":"\n<div class=\"wp-block-media-text is-stacked-on-mobile\" style=\"grid-template-columns:40% auto\"><figure class=\"wp-block-media-text__media\"><video controls src=\"https:\/\/www.trekntales.eu\/wp-content\/uploads\/2026\/07\/VID_20260708_021159_142_bsl.mp4\"><\/video><\/figure><div class=\"wp-block-media-text__content\">\n<p class=\"wp-block-paragraph\"><strong>A Passi Gentili<\/strong><\/p>\n\n\n\n<div>\n<p class=\"wp-block-paragraph\">Siamo Barbara e Francesca e progettiamo viaggi a passo lento su cammini, pensati per le donne.<\/p>\n\n\n\n<p class=\"wp-block-paragraph\">Questo progetto nasce per creare un luogo di condivisione e amicizia, dove ogni donna possa sentirsi sicura nei propri passi.<\/p>\n\n\n\n<p class=\"wp-block-paragraph\">Questo video \u00e8 solo un piccolo riassunto di ci\u00f2 che siamo e di ci\u00f2 che facciamo.<\/p>\n\n\n\n<p class=\"wp-block-paragraph\">Per tutte le info contattaci: <br><strong><a href=\"mailto:apassigentili@trekntales.eu\">apassigentili@trekntales.eu<\/a><\/strong><br>WhatsApp:<br>Barbara <strong>340-6329513<\/strong> &#8211; Francesca <strong>335-5422046<\/strong><\/p>\n<\/div>\n\n\n\n<a class=\"gb-text gb-text-f137823f\" href=\"https:\/\/www.trekntales.eu\/index.php\/richiesta-informazioni\/\">Richiesta informazioni<\/a>\n<\/div><\/div>\n\n\n\n<hr class=\"wp-block-separator has-alpha-channel-opacity\"\/>\n\n\n\n<div>\n<div class=\"wp-block-media-text has-media-on-the-right is-stacked-on-mobile\" style=\"grid-template-columns:auto 26%\"><div class=\"wp-block-media-text__content\">\n<p class=\"wp-block-paragraph\">Qui trovate la nostra programmazione di viaggi lenti su Cammini, pensati al femminile, per ritrovare il piacere di prendersi del tempo per se stesse, fare nuove amicizie e conoscere il territorio e le tradizioni locali.<br><strong>Le prenotazioni sono aperte!<\/strong><\/p>\n\n\n\n<a class=\"gb-text gb-text-f137823f\" href=\"https:\/\/www.trekntales.eu\/index.php\/richiesta-informazioni\/\">Richiesta informazioni<\/a>\n<\/div><figure class=\"wp-block-media-text__media\"><video controls src=\"https:\/\/www.trekntales.eu\/wp-content\/uploads\/2026\/08\/a-passi-gentili-cammini-autunno-26.mp4\"><\/video><\/figure><\/div>\n\n\n\n<hr class=\"wp-block-separator has-alpha-channel-opacity\"\/>\n\n\n\n<div class=\"wp-block-media-text is-stacked-on-mobile\" style=\"grid-template-columns:33% auto\"><figure class=\"wp-block-media-text__media\"><a href=\"https:\/\/www.trekntales.eu\/wp-content\/uploads\/2026\/06\/47965.png\" target=\"_blank\" rel=\" noreferrer noopener\"><img loading=\"lazy\" decoding=\"async\" width=\"819\" height=\"1024\" src=\"https:\/\/www.trekntales.eu\/wp-content\/uploads\/2026\/06\/47965-819x1024.png\" alt=\"\" class=\"wp-image-1487 size-full\" srcset=\"https:\/\/www.trekntales.eu\/wp-content\/uploads\/2026\/06\/47965-819x1024.png 819w, https:\/\/www.trekntales.eu\/wp-content\/uploads\/2026\/06\/47965-240x300.png 240w, https:\/\/www.trekntales.eu\/wp-content\/uploads\/2026\/06\/47965-768x960.png 768w, https:\/\/www.trekntales.eu\/wp-content\/uploads\/2026\/06\/47965.png 1080w\" sizes=\"auto, (max-width: 819px) 100vw, 819px\" \/><\/a><\/figure><div class=\"wp-block-media-text__content\">\n<p class=\"wp-block-paragraph\"><strong>Cammino di Oropa della Serra<\/strong><\/p>\n\n\n\n<p class=\"wp-block-paragraph\">dal 1 al 4 ottobre 2026<\/p>\n\n\n\n<p class=\"wp-block-paragraph\">Con Barbara e Francesca sul cammino che parte dalla pianura risicola vercellese e porta al Sacro Monte di Oropa.<br>Percorribile anche da chi non ha esperienza in cammino.<\/p>\n\n\n\n<p class=\"wp-block-paragraph\">per tutte le info: <br><strong><a href=\"mailto:apassigentili@trekntales.eu\">apassigentili@trekntales.eu<\/a><\/strong><\/p>\n<\/div><\/div>\n\n\n\n<div class=\"wp-block-media-text has-media-on-the-right is-stacked-on-mobile\" style=\"grid-template-columns:auto 30%\"><div class=\"wp-block-media-text__content\">\n<p class=\"wp-block-paragraph\">Cosa ti aspetta? <em>Buoni passi in buona compagnia e tante risate.<\/em><\/p>\n\n\n\n<p class=\"wp-block-paragraph\">Non hai mai percorso un cammino?<em> Nessun problema! Questo cammino \u00e8 tra quelli perfetti per iniziare: breve (4 giorni) e con un livello di difficolt\u00e0 crescente (ma mai eccessivo).<\/em><\/p>\n\n\n\n<p class=\"wp-block-paragraph\"><strong>IMPORTANTE<\/strong>: nessuno pu\u00f2 rallentare nessuno. Il gruppo, per definizione, va allo stesso passo, tutte insieme, condividendo momenti conviviali, di chiacchiera e tante, tante risate. La fretta non far\u00e0 parte di queste giornate.<\/p>\n\n\n\n<p class=\"wp-block-paragraph\"><strong>Tempo lento da condividere per imparare a rallentare e a dedicarsi momenti.<\/strong><\/p>\n\n\n\n<p class=\"wp-block-paragraph\">Termine iscrizioni: <strong>24 agosto 2026<\/strong><\/p>\n\n\n\n<a class=\"gb-text gb-text-f137823f\" href=\"https:\/\/www.trekntales.eu\/index.php\/richiesta-informazioni\/\">Richiesta informazioni<\/a>\n<\/div><figure class=\"wp-block-media-text__media\"><video controls src=\"https:\/\/www.trekntales.eu\/wp-content\/uploads\/2026\/08\/a-passi-gentili-cammino-serra.mp4\"><\/video><\/figure><\/div>\n\n\n\n<hr class=\"wp-block-separator has-alpha-channel-opacity\"\/>\n\n\n\n<div class=\"wp-block-media-text is-stacked-on-mobile\" style=\"grid-template-columns:33% auto\"><figure class=\"wp-block-media-text__media\"><a href=\"https:\/\/www.trekntales.eu\/wp-content\/uploads\/2026\/06\/47969.png\" target=\"_blank\" rel=\" noreferrer noopener\"><img loading=\"lazy\" decoding=\"async\" width=\"819\" height=\"1024\" src=\"https:\/\/www.trekntales.eu\/wp-content\/uploads\/2026\/06\/47969-819x1024.png\" alt=\"\" class=\"wp-image-1489 size-full\" srcset=\"https:\/\/www.trekntales.eu\/wp-content\/uploads\/2026\/06\/47969-819x1024.png 819w, https:\/\/www.trekntales.eu\/wp-content\/uploads\/2026\/06\/47969-240x300.png 240w, https:\/\/www.trekntales.eu\/wp-content\/uploads\/2026\/06\/47969-768x960.png 768w, https:\/\/www.trekntales.eu\/wp-content\/uploads\/2026\/06\/47969.png 1080w\" sizes=\"auto, (max-width: 819px) 100vw, 819px\" \/><\/a><\/figure><div class=\"wp-block-media-text__content\">\n<p class=\"wp-block-paragraph\"><strong>Cammino Via Flavia<\/strong><\/p>\n\n\n\n<p class=\"wp-block-paragraph\">dal 18 al 24 ottobre 2026<\/p>\n\n\n\n<p class=\"wp-block-paragraph\">Con Barbara su un cammino perfetto anche per chi si avvicina ai cammini per la prima volta. Scorci panoramici mozzafiato e paesaggi diversi.<\/p>\n\n\n\n<p class=\"wp-block-paragraph\">per tutte le info: <br><strong><a href=\"mailto:apassigentili@trekntales.eu\">apassigentili@trekntales.eu<\/a><\/strong><\/p>\n\n\n\n<p class=\"wp-block-paragraph\"><strong><a href=\"https:\/\/www.trekntales.eu\/index.php\/cammino-via-flavia\/\" type=\"page\" id=\"986\">Qui <\/a><\/strong>puoi vedere il racconto del mio ultimo cammino lungo la Via Flavia<\/p>\n<\/div><\/div>\n\n\n\n<div class=\"wp-block-media-text has-media-on-the-right is-stacked-on-mobile\" style=\"grid-template-columns:auto 33%\"><div class=\"wp-block-media-text__content\">\n<p class=\"wp-block-paragraph\"><strong>Cammino Via Flavia<\/strong><\/p>\n\n\n\n<p class=\"wp-block-paragraph\">dal 18 al 24 ottobre 2026<\/p>\n\n\n\n<p class=\"wp-block-paragraph\">Vieni in cammino\u00a0<strong>&#8220;A Passi Gentili&#8221;<\/strong>\u00a0sulla Via Flavia.<\/p>\n\n\n\n<p class=\"wp-block-paragraph\">Ti porteremo a scoprire un territorio particolare e ricco di meraviglie. \ud83c\udf3c<br>Ho gi\u00e0 percorso questo itinerario e posso dire che non smette mai di stupire: il paesaggio che cambia mentre lo si attraversa\ud83c\udfde\ufe0f, il mare sempre sullo sfondo\ud83c\udf05, una cucina tipica favolosa \ud83e\udd58 e la possibilit\u00e0 di incontrare belle persone \ud83d\udc81\ud83c\udffc\u200d\u2640\ufe0f<br>Per tutte quelle donne che, almeno una volta, hanno pensato &#8220;vorrei partire, ma&#8230;&#8221;\ud83e\udd37\ud83c\udffc\u200d\u2640\ufe0f: formiamo un gruppo per camminare insieme, fare nuove amicizie e tante risate a passo lento.\ud83e\udd7e\ud83c\udf92<\/p>\n\n\n\n<p class=\"wp-block-paragraph\">Contattaci in mail o su WhatsAppe e ti invieremo tutte le info per partecipare. \ud83d\udcdd<\/p>\n\n\n\n<p class=\"wp-block-paragraph\">Ti aspettiamo! Buoni passi! \ud83e\udd7e\ud83c\udf3c\ud83d\udeb6\ud83c\udffc\u200d\u2640\ufe0f<\/p>\n\n\n\n<p class=\"wp-block-paragraph\">per tutte le info: <br><strong><a href=\"mailto:apassigentili@trekntales.eu\">apassigentili@trekntales.eu<\/a><\/strong><br><a href=\"https:\/\/chat.whatsapp.com\/IJeDbHcpdKc6EAhf4jnbDA\"><strong>https:\/\/chat.whatsapp.com\/IJeDbHcpdKc6EAhf4jnbDA<\/strong><\/a><\/p>\n\n\n\n<p class=\"wp-block-paragraph\"><strong><a href=\"https:\/\/www.trekntales.eu\/index.php\/cammino-via-flavia\/\" type=\"page\" id=\"986\">Qui <\/a><\/strong>puoi vedere il racconto del mio ultimo cammino lungo la Via Flavia<\/p>\n<\/div><figure class=\"wp-block-media-text__media\"><video controls src=\"https:\/\/www.trekntales.eu\/wp-content\/uploads\/2026\/08\/VID_20260827_125836_724_bsl.mp4\"><\/video><\/figure><\/div>\n\n\n\n<hr class=\"wp-block-separator has-alpha-channel-opacity\"\/>\n\n\n\n<div class=\"wp-block-media-text is-stacked-on-mobile\" style=\"grid-template-columns:33% auto\"><figure class=\"wp-block-media-text__media\"><a href=\"https:\/\/www.trekntales.eu\/wp-content\/uploads\/2026\/06\/47964.png\" target=\"_blank\" rel=\" noreferrer noopener\"><img loading=\"lazy\" decoding=\"async\" width=\"819\" height=\"1024\" src=\"https:\/\/www.trekntales.eu\/wp-content\/uploads\/2026\/06\/47964-819x1024.png\" alt=\"\" class=\"wp-image-1488 size-full\" srcset=\"https:\/\/www.trekntales.eu\/wp-content\/uploads\/2026\/06\/47964-819x1024.png 819w, https:\/\/www.trekntales.eu\/wp-content\/uploads\/2026\/06\/47964-240x300.png 240w, https:\/\/www.trekntales.eu\/wp-content\/uploads\/2026\/06\/47964-768x960.png 768w, https:\/\/www.trekntales.eu\/wp-content\/uploads\/2026\/06\/47964.png 1080w\" sizes=\"auto, (max-width: 819px) 100vw, 819px\" \/><\/a><\/figure><div class=\"wp-block-media-text__content\">\n<p class=\"wp-block-paragraph\"><strong>Cammino di Oropa Canavesano<\/strong><\/p>\n\n\n\n<p class=\"wp-block-paragraph\">dal 2 al 6 novembre 2026<\/p>\n\n\n\n<p class=\"wp-block-paragraph\">Con Barbara e Francesca su una variante del famoso Cammino della Serra: dal Sacro Monte di Belmonte al Sacro Monte di Oropa.<\/p>\n\n\n\n<p class=\"wp-block-paragraph\">per tutte le info: <br><strong><a href=\"mailto:apassigentili@trekntales.eu\">apassigentili@trekntales.eu<\/a><\/strong><\/p>\n<\/div><\/div>\n<\/div>\n","protected":false},"excerpt":{"rendered":"<p>Qui trovate la nostra programmazione di viaggi lenti su Cammini, pensati al femminile, per ritrovare il piacere di prendersi del tempo per se stesse, fare nuove amicizie e conoscere il [&hellip;]<\/p>\n","protected":false},"author":1,"featured_media":1363,"parent":0,"menu_order":0,"comment_status":"closed","ping_status":"closed","template":"","meta":{"_acf_changed":false,"_EventAllDay":false,"_EventTimezone":"","_EventStartDate":"","_EventEndDate":"","_EventStartDateUTC":"","_EventEndDateUTC":"","_EventShowMap":false,"_EventShowMapLink":false,"_EventURL":"","_EventCost":"","_EventCostDescription":"","_EventCurrencySymbol":"","_EventCurrencyCode":"","_EventCurrencyPosition":"","_EventDateTimeSeparator":"","_EventTimeRangeSeparator":"","_EventOrganizerID":[],"_EventVenueID":[],"_OrganizerEmail":"","_OrganizerPhone":"","_OrganizerWebsite":"","_VenueAddress":"","_VenueCity":"","_VenueCountry":"","_VenueProvince":"","_VenueState":"","_VenueZip":"","_VenuePhone":"","_VenueURL":"","_VenueStateProvince":"","_VenueLat":"","_VenueLng":"","_VenueShowMap":false,"_VenueShowMapLink":false,"footnotes":""},"class_list":["post-1429","page","type-page","status-publish","has-post-thumbnail","hentry"],"acf":[],"yoast_head":"<!-- This site is optimized with the Yoast SEO plugin v28.0 - https:\/\/yoast.com\/product\/yoast-seo-wordpress\/ -->\n<title>Viaggi lenti su Cammini - Trek&#039;n&#039;Tales<\/title>\n<meta name=\"description\" content=\"Trek&#039;n&#039;Tales: escursioni e turismo lento in canavese per scoprire sentieri e storie. Cammini ed escursioni su misura per vivere il territorio con calma ed esplorarlo in modo autentico.\" \/>\n<meta name=\"robots\" content=\"index, follow, max-snippet:-1, max-image-preview:large, max-video-preview:-1\" \/>\n<link rel=\"canonical\" href=\"https:\/\/www.trekntales.eu\/index.php\/cammini\/\" \/>\n<meta property=\"og:locale\" content=\"it_IT\" \/>\n<meta property=\"og:type\" content=\"article\" \/>\n<meta property=\"og:title\" content=\"Viaggi lenti su Cammini - Trek&#039;n&#039;Tales\" \/>\n<meta property=\"og:description\" content=\"Trek&#039;n&#039;Tales: escursioni e turismo lento in canavese per scoprire sentieri e storie. Cammini ed escursioni su misura per vivere il territorio con calma ed esplorarlo in modo autentico.\" \/>\n<meta property=\"og:url\" content=\"https:\/\/www.trekntales.eu\/index.php\/cammini\/\" \/>\n<meta property=\"og:site_name\" content=\"Trek&#039;n&#039;Tales\" \/>\n<meta property=\"article:modified_time\" content=\"2026-08-28T09:09:25+00:00\" \/>\n<meta property=\"og:image\" content=\"https:\/\/www.trekntales.eu\/wp-content\/uploads\/2026\/05\/IMG_20260501_190143-scaled.jpg\" \/>\n\t<meta property=\"og:image:width\" content=\"1920\" \/>\n\t<meta property=\"og:image:height\" content=\"2560\" \/>\n\t<meta property=\"og:image:type\" content=\"image\/jpeg\" \/>\n<meta name=\"twitter:card\" content=\"summary_large_image\" \/>\n<meta name=\"twitter:label1\" content=\"Tempo di lettura stimato\" \/>\n\t<meta name=\"twitter:data1\" content=\"4 minuti\" \/>\n<script type=\"application\/ld+json\" class=\"yoast-schema-graph\">{\"@context\":\"https:\\\/\\\/schema.org\",\"@graph\":[{\"@type\":\"WebPage\",\"@id\":\"https:\\\/\\\/www.trekntales.eu\\\/index.php\\\/cammini\\\/\",\"url\":\"https:\\\/\\\/www.trekntales.eu\\\/index.php\\\/cammini\\\/\",\"name\":\"Viaggi lenti su Cammini - Trek&#039;n&#039;Tales\",\"isPartOf\":{\"@id\":\"https:\\\/\\\/www.trekntales.eu\\\/#website\"},\"primaryImageOfPage\":{\"@id\":\"https:\\\/\\\/www.trekntales.eu\\\/index.php\\\/cammini\\\/#primaryimage\"},\"image\":{\"@id\":\"https:\\\/\\\/www.trekntales.eu\\\/index.php\\\/cammini\\\/#primaryimage\"},\"thumbnailUrl\":\"https:\\\/\\\/www.trekntales.eu\\\/wp-content\\\/uploads\\\/2026\\\/05\\\/IMG_20260501_190143-scaled.jpg\",\"datePublished\":\"2026-06-15T07:03:43+00:00\",\"dateModified\":\"2026-08-28T09:09:25+00:00\",\"description\":\"Trek'n'Tales: escursioni e turismo lento in canavese per scoprire sentieri e storie. Cammini ed escursioni su misura per vivere il territorio con calma ed esplorarlo in modo autentico.\",\"breadcrumb\":{\"@id\":\"https:\\\/\\\/www.trekntales.eu\\\/index.php\\\/cammini\\\/#breadcrumb\"},\"inLanguage\":\"it-IT\",\"potentialAction\":[{\"@type\":\"ReadAction\",\"target\":[\"https:\\\/\\\/www.trekntales.eu\\\/index.php\\\/cammini\\\/\"]}]},{\"@type\":\"ImageObject\",\"inLanguage\":\"it-IT\",\"@id\":\"https:\\\/\\\/www.trekntales.eu\\\/index.php\\\/cammini\\\/#primaryimage\",\"url\":\"https:\\\/\\\/www.trekntales.eu\\\/wp-content\\\/uploads\\\/2026\\\/05\\\/IMG_20260501_190143-scaled.jpg\",\"contentUrl\":\"https:\\\/\\\/www.trekntales.eu\\\/wp-content\\\/uploads\\\/2026\\\/05\\\/IMG_20260501_190143-scaled.jpg\",\"width\":1920,\"height\":2560},{\"@type\":\"BreadcrumbList\",\"@id\":\"https:\\\/\\\/www.trekntales.eu\\\/index.php\\\/cammini\\\/#breadcrumb\",\"itemListElement\":[{\"@type\":\"ListItem\",\"position\":1,\"name\":\"Home\",\"item\":\"https:\\\/\\\/www.trekntales.eu\\\/\"},{\"@type\":\"ListItem\",\"position\":2,\"name\":\"Viaggi lenti su Cammini\"}]},{\"@type\":\"WebSite\",\"@id\":\"https:\\\/\\\/www.trekntales.eu\\\/#website\",\"url\":\"https:\\\/\\\/www.trekntales.eu\\\/\",\"name\":\"Trek'n'Tales\",\"description\":\"alla (ri)scoperta di ci\u00f2 che ci circonda\",\"publisher\":{\"@id\":\"https:\\\/\\\/www.trekntales.eu\\\/#\\\/schema\\\/person\\\/4ea1537b9e20b60327f2d559322ff45c\"},\"potentialAction\":[{\"@type\":\"SearchAction\",\"target\":{\"@type\":\"EntryPoint\",\"urlTemplate\":\"https:\\\/\\\/www.trekntales.eu\\\/?s={search_term_string}\"},\"query-input\":{\"@type\":\"PropertyValueSpecification\",\"valueRequired\":true,\"valueName\":\"search_term_string\"}}],\"inLanguage\":\"it-IT\"},{\"@type\":[\"Person\",\"Organization\"],\"@id\":\"https:\\\/\\\/www.trekntales.eu\\\/#\\\/schema\\\/person\\\/4ea1537b9e20b60327f2d559322ff45c\",\"name\":\"Barbara\",\"image\":{\"@type\":\"ImageObject\",\"inLanguage\":\"it-IT\",\"@id\":\"https:\\\/\\\/www.trekntales.eu\\\/wp-content\\\/uploads\\\/2025\\\/06\\\/Logo-GAE-albero-2.png\",\"url\":\"https:\\\/\\\/www.trekntales.eu\\\/wp-content\\\/uploads\\\/2025\\\/06\\\/Logo-GAE-albero-2.png\",\"contentUrl\":\"https:\\\/\\\/www.trekntales.eu\\\/wp-content\\\/uploads\\\/2025\\\/06\\\/Logo-GAE-albero-2.png\",\"width\":500,\"height\":500,\"caption\":\"Barbara\"},\"logo\":{\"@id\":\"https:\\\/\\\/www.trekntales.eu\\\/wp-content\\\/uploads\\\/2025\\\/06\\\/Logo-GAE-albero-2.png\"},\"description\":\"Le mie passioni per le scienze naturali e la storia si fondono in Trek\u2019n\u2019Tales per creare esperienze di turismo lento, escursioni giornaliere e cammini in pi\u00f9 tappe, alla scoperta dei sentieri e dei racconti meno conosciuti del territorio. Credo che camminare sia la forma pi\u00f9 autentica per esplorare un territorio. Che siate camminatori esperti o alle prime armi, in solitaria, in gruppo o in famiglia, possiamo trasformare insieme un'idea in un'avventura itinerante. Il mio obiettivo \u00e8 farvi scoprire le storie del territorio e apprezzare il semplice piacere di camminare con calma, assaporando ogni passo.\",\"sameAs\":[\"https:\\\/\\\/www.trekntales.eu\",\"https:\\\/\\\/www.instagram.com\\\/trek.n.tales?utm_source=ig_web_button_share_sheet&igsh=ZDNlZDc0MzIxNw==\"]}]}<\/script>\n<!-- \/ Yoast SEO plugin. -->","yoast_head_json":{"title":"Viaggi lenti su Cammini - Trek&#039;n&#039;Tales","description":"Trek'n'Tales: escursioni e turismo lento in canavese per scoprire sentieri e storie. Cammini ed escursioni su misura per vivere il territorio con calma ed esplorarlo in modo autentico.","robots":{"index":"index","follow":"follow","max-snippet":"max-snippet:-1","max-image-preview":"max-image-preview:large","max-video-preview":"max-video-preview:-1"},"canonical":"https:\/\/www.trekntales.eu\/index.php\/cammini\/","og_locale":"it_IT","og_type":"article","og_title":"Viaggi lenti su Cammini - Trek&#039;n&#039;Tales","og_description":"Trek'n'Tales: escursioni e turismo lento in canavese per scoprire sentieri e storie. Cammini ed escursioni su misura per vivere il territorio con calma ed esplorarlo in modo autentico.","og_url":"https:\/\/www.trekntales.eu\/index.php\/cammini\/","og_site_name":"Trek&#039;n&#039;Tales","article_modified_time":"2026-08-28T09:09:25+00:00","og_image":[{"width":1920,"height":2560,"url":"https:\/\/www.trekntales.eu\/wp-content\/uploads\/2026\/05\/IMG_20260501_190143-scaled.jpg","type":"image\/jpeg"}],"twitter_card":"summary_large_image","twitter_misc":{"Tempo di lettura stimato":"4 minuti"},"schema":{"@context":"https:\/\/schema.org","@graph":[{"@type":"WebPage","@id":"https:\/\/www.trekntales.eu\/index.php\/cammini\/","url":"https:\/\/www.trekntales.eu\/index.php\/cammini\/","name":"Viaggi lenti su Cammini - Trek&#039;n&#039;Tales","isPartOf":{"@id":"https:\/\/www.trekntales.eu\/#website"},"primaryImageOfPage":{"@id":"https:\/\/www.trekntales.eu\/index.php\/cammini\/#primaryimage"},"image":{"@id":"https:\/\/www.trekntales.eu\/index.php\/cammini\/#primaryimage"},"thumbnailUrl":"https:\/\/www.trekntales.eu\/wp-content\/uploads\/2026\/05\/IMG_20260501_190143-scaled.jpg","datePublished":"2026-06-15T07:03:43+00:00","dateModified":"2026-08-28T09:09:25+00:00","description":"Trek'n'Tales: escursioni e turismo lento in canavese per scoprire sentieri e storie. Cammini ed escursioni su misura per vivere il territorio con calma ed esplorarlo in modo autentico.","breadcrumb":{"@id":"https:\/\/www.trekntales.eu\/index.php\/cammini\/#breadcrumb"},"inLanguage":"it-IT","potentialAction":[{"@type":"ReadAction","target":["https:\/\/www.trekntales.eu\/index.php\/cammini\/"]}]},{"@type":"ImageObject","inLanguage":"it-IT","@id":"https:\/\/www.trekntales.eu\/index.php\/cammini\/#primaryimage","url":"https:\/\/www.trekntales.eu\/wp-content\/uploads\/2026\/05\/IMG_20260501_190143-scaled.jpg","contentUrl":"https:\/\/www.trekntales.eu\/wp-content\/uploads\/2026\/05\/IMG_20260501_190143-scaled.jpg","width":1920,"height":2560},{"@type":"BreadcrumbList","@id":"https:\/\/www.trekntales.eu\/index.php\/cammini\/#breadcrumb","itemListElement":[{"@type":"ListItem","position":1,"name":"Home","item":"https:\/\/www.trekntales.eu\/"},{"@type":"ListItem","position":2,"name":"Viaggi lenti su Cammini"}]},{"@type":"WebSite","@id":"https:\/\/www.trekntales.eu\/#website","url":"https:\/\/www.trekntales.eu\/","name":"Trek'n'Tales","description":"alla (ri)scoperta di ci\u00f2 che ci circonda","publisher":{"@id":"https:\/\/www.trekntales.eu\/#\/schema\/person\/4ea1537b9e20b60327f2d559322ff45c"},"potentialAction":[{"@type":"SearchAction","target":{"@type":"EntryPoint","urlTemplate":"https:\/\/www.trekntales.eu\/?s={search_term_string}"},"query-input":{"@type":"PropertyValueSpecification","valueRequired":true,"valueName":"search_term_string"}}],"inLanguage":"it-IT"},{"@type":["Person","Organization"],"@id":"https:\/\/www.trekntales.eu\/#\/schema\/person\/4ea1537b9e20b60327f2d559322ff45c","name":"Barbara","image":{"@type":"ImageObject","inLanguage":"it-IT","@id":"https:\/\/www.trekntales.eu\/wp-content\/uploads\/2025\/06\/Logo-GAE-albero-2.png","url":"https:\/\/www.trekntales.eu\/wp-content\/uploads\/2025\/06\/Logo-GAE-albero-2.png","contentUrl":"https:\/\/www.trekntales.eu\/wp-content\/uploads\/2025\/06\/Logo-GAE-albero-2.png","width":500,"height":500,"caption":"Barbara"},"logo":{"@id":"https:\/\/www.trekntales.eu\/wp-content\/uploads\/2025\/06\/Logo-GAE-albero-2.png"},"description":"Le mie passioni per le scienze naturali e la storia si fondono in Trek\u2019n\u2019Tales per creare esperienze di turismo lento, escursioni giornaliere e cammini in pi\u00f9 tappe, alla scoperta dei sentieri e dei racconti meno conosciuti del territorio. Credo che camminare sia la forma pi\u00f9 autentica per esplorare un territorio. Che siate camminatori esperti o alle prime armi, in solitaria, in gruppo o in famiglia, possiamo trasformare insieme un'idea in un'avventura itinerante. Il mio obiettivo \u00e8 farvi scoprire le storie del territorio e apprezzare il semplice piacere di camminare con calma, assaporando ogni passo.","sameAs":["https:\/\/www.trekntales.eu","https:\/\/www.instagram.com\/trek.n.tales?utm_source=ig_web_button_share_sheet&igsh=ZDNlZDc0MzIxNw=="]}]}},"_links":{"self":[{"href":"https:\/\/www.trekntales.eu\/index.php\/wp-json\/wp\/v2\/pages\/1429","targetHints":{"allow":["GET"]}}],"collection":[{"href":"https:\/\/www.trekntales.eu\/index.php\/wp-json\/wp\/v2\/pages"}],"about":[{"href":"https:\/\/www.trekntales.eu\/index.php\/wp-json\/wp\/v2\/types\/page"}],"author":[{"embeddable":true,"href":"https:\/\/www.trekntales.eu\/index.php\/wp-json\/wp\/v2\/users\/1"}],"replies":[{"embeddable":true,"href":"https:\/\/www.trekntales.eu\/index.php\/wp-json\/wp\/v2\/comments?post=1429"}],"version-history":[{"count":18,"href":"https:\/\/www.trekntales.eu\/index.php\/wp-json\/wp\/v2\/pages\/1429\/revisions"}],"predecessor-version":[{"id":1647,"href":"https:\/\/www.trekntales.eu\/index.php\/wp-json\/wp\/v2\/pages\/1429\/revisions\/1647"}],"wp:featuredmedia":[{"embeddable":true,"href":"https:\/\/www.trekntales.eu\/index.php\/wp-json\/wp\/v2\/media\/1363"}],"wp:attachment":[{"href":"https:\/\/www.trekntales.eu\/index.php\/wp-json\/wp\/v2\/media?parent=1429"}],"curies":[{"name":"wp","href":"https:\/\/api.w.org\/{rel}","templated":true}]}}